{"id":1098,"date":"2022-10-28T18:32:27","date_gmt":"2022-10-28T18:32:27","guid":{"rendered":"https:\/\/www.ecocampingrural.com\/?page_id=1098"},"modified":"2026-04-17T10:24:30","modified_gmt":"2026-04-17T10:24:30","slug":"camping-dans-les-pyrenees","status":"publish","type":"page","link":"https:\/\/www.ecocampingrural.com\/index.php\/camping-dans-les-pyrenees\/","title":{"rendered":"Camping dans les Pyr\u00e9n\u00e9es"},"content":{"rendered":"\n<div class=\"wp-block-cover alignfull is-light\" style=\"min-height:535px;aspect-ratio:unset;\"><span aria-hidden=\"true\" class=\"wp-block-cover__background has-background-dim-10 has-background-dim\"><\/span><img decoding=\"async\" width=\"1242\" height=\"756\" class=\"wp-block-cover__image-background wp-image-810\" alt=\"atardecer-camping-pirineo-caravana\" src=\"https:\/\/www.ecocampingrural.com\/wp-content\/uploads\/2022\/05\/caravana-atardecer-camping-pirineo.jpeg\" style=\"object-position:52% 72%\" data-object-fit=\"cover\" data-object-position=\"52% 72%\" srcset=\"https:\/\/www.ecocampingrural.com\/wp-content\/uploads\/2022\/05\/caravana-atardecer-camping-pirineo.jpeg 1242w, https:\/\/www.ecocampingrural.com\/wp-content\/uploads\/2022\/05\/caravana-atardecer-camping-pirineo-300x183.jpeg 300w, https:\/\/www.ecocampingrural.com\/wp-content\/uploads\/2022\/05\/caravana-atardecer-camping-pirineo-1024x623.jpeg 1024w, https:\/\/www.ecocampingrural.com\/wp-content\/uploads\/2022\/05\/caravana-atardecer-camping-pirineo-768x467.jpeg 768w\" sizes=\"(max-width: 1242px) 100vw, 1242px\" \/><div class=\"wp-block-cover__inner-container is-layout-flow wp-block-cover-is-layout-flow\">\n<h3 class=\"wp-block-heading alignwide has-text-align-center has-neve-text-color-color has-text-color has-x-large-font-size\">BIENVENUE<\/h3>\n\n\n\n<p class=\"has-text-align-center has-neve-text-color-color has-text-color\"><strong><strong>votre \u00e9co camping dans les Pyr\u00e9n\u00e9es<\/strong><\/strong><\/p>\n\n\n\n<div id=\"wp-block-themeisle-blocks-advanced-columns-bb51865e\" class=\"wp-block-themeisle-blocks-advanced-columns alignfull has-2-columns has-desktop-equal-layout has-tablet-equal-layout has-mobile-collapsedRows-layout has-vertical-center has-light-bg\"><div class=\"wp-block-themeisle-blocks-advanced-columns-overlay\"><\/div><div class=\"innerblocks-wrap\">\n<div id=\"wp-block-themeisle-blocks-advanced-column-82cb1100\" class=\"wp-block-themeisle-blocks-advanced-column\">\n<h2 class=\"wp-block-heading has-text-color\" style=\"color:#ffffff;font-size:42px\">ENREGISTREMENT \u2013 R\u00c9CEPTION<\/h2>\n\n\n\n<blockquote class=\"wp-block-quote is-layout-flow wp-block-quote-is-layout-flow\">\n<blockquote class=\"wp-block-quote is-layout-flow wp-block-quote-is-layout-flow\">\n<p class=\"has-nv-site-bg-color has-text-color has-link-color wp-elements-97f6ef0201ec74383b3a7ba958cd3a16\">DE 8H30 \u00c0 19H00.<br>Pour les r\u00e9servations le jour m\u00eame, veuillez nous contacter directement par t\u00e9l\u00e9phone. (+34 652 24 84 77)<\/p>\n\n\n\n<p class=\"has-nv-site-bg-color has-text-color has-link-color wp-elements-b27ad4d4f846d4a0c7d2005d339b05ee\"><\/p>\n<\/blockquote>\n<\/blockquote>\n\n\n\n<p class=\"has-text-color\" style=\"color:#ffffff\">>> Attention! &lt;&lt;<br>&#8211; Du 7 au 10 mai, camping ferm\u00e9<br>&#8211; Du 14 au 17 mai, se tiendra l&#8217;\u00e9v\u00e9nement \u00ab La Batalla del Inframundo \u00bb (La bataille des enfers). <strong>Seules les r\u00e9servations des participants \u00e0 la course seront accept\u00e9es.<\/strong><br><\/p>\n<\/div>\n\n\n\n<div id=\"wp-block-themeisle-blocks-advanced-column-daf82ac0\" class=\"wp-block-themeisle-blocks-advanced-column\">\n<div id=\"wp-block-themeisle-blocks-font-awesome-icons-8381b59d\" class=\"wp-block-themeisle-blocks-font-awesome-icons\"><span class=\"wp-block-themeisle-blocks-font-awesome-icons-container\"><i class=\"far fa-calendar-check\"><\/i><\/span><\/div>\n<\/div>\n<\/div><\/div>\n\n\n\n<p class=\"has-text-align-center\"><\/p>\n\n\n\n<p class=\"has-text-align-center\"><\/p>\n\n\n\n<div class=\"wp-block-group alignwide\"><div class=\"wp-block-group__inner-container is-layout-flow wp-block-group-is-layout-flow\">\n<div class=\"wp-block-buttons is-content-justification-center is-layout-flex wp-container-core-buttons-is-layout-1 wp-block-buttons-is-layout-flex\">\n<div class=\"wp-block-button\"><a class=\"wp-block-button__link wp-element-button\" href=\"https:\/\/www.reservaonline.support\/ecocampingrural\/reservas.html\" target=\"_blank\" rel=\"noreferrer noopener\">R\u00c9SERVATION<\/a><\/div>\n<\/div>\n<\/div><\/div>\n<\/div><\/div>\n\n\n\n<h3 class=\"wp-block-heading has-text-align-center\">Distinctions<\/h3>\n\n\n\n<div id=\"wp-block-themeisle-blocks-advanced-columns-a3ec1101\" class=\"wp-block-themeisle-blocks-advanced-columns has-3-columns has-desktop-equal-layout has-tablet-equal-layout has-mobile-collapsedRows-layout has-vertical-unset\"><div class=\"wp-block-themeisle-blocks-advanced-columns-overlay\"><\/div><div class=\"innerblocks-wrap\">\n<div id=\"wp-block-themeisle-blocks-advanced-column-053d63d4\" class=\"wp-block-themeisle-blocks-advanced-column\"><div class=\"wp-block-image\">\n<figure class=\"aligncenter size-full is-resized\"><a href=\"https:\/\/www.campercontact.com\/es\/espana\/aragon\/alueza\/104155\/ecocamping-rural-valle-de-la-fueva\"><img decoding=\"async\" width=\"516\" height=\"562\" src=\"https:\/\/www.ecocampingrural.com\/wp-content\/uploads\/2025\/05\/NKC-AWARD-2025-badge-Campsite-ES.png\" alt=\"\" class=\"wp-image-2253\" style=\"width:215px;height:auto\" srcset=\"https:\/\/www.ecocampingrural.com\/wp-content\/uploads\/2025\/05\/NKC-AWARD-2025-badge-Campsite-ES.png 516w, https:\/\/www.ecocampingrural.com\/wp-content\/uploads\/2025\/05\/NKC-AWARD-2025-badge-Campsite-ES-275x300.png 275w\" sizes=\"(max-width: 516px) 100vw, 516px\" \/><\/a><\/figure><\/div><\/div>\n\n\n\n<div id=\"wp-block-themeisle-blocks-advanced-column-75c4a3ee\" class=\"wp-block-themeisle-blocks-advanced-column\"><div class=\"wp-block-image\">\n<figure class=\"aligncenter size-full is-resized\"><a href=\"https:\/\/www.eurocampings.es\/espana\/aragon\/huesca\/tierrantona\/ecocamping-rural-valle-de-la-fueva-125560\/\"><img decoding=\"async\" width=\"537\" height=\"728\" src=\"https:\/\/www.ecocampingrural.com\/wp-content\/uploads\/2025\/04\/acsi-winner-camping.jpeg\" alt=\"\" class=\"wp-image-2231\" style=\"width:173px;height:auto\" srcset=\"https:\/\/www.ecocampingrural.com\/wp-content\/uploads\/2025\/04\/acsi-winner-camping.jpeg 537w, https:\/\/www.ecocampingrural.com\/wp-content\/uploads\/2025\/04\/acsi-winner-camping-221x300.jpeg 221w\" sizes=\"(max-width: 537px) 100vw, 537px\" \/><\/a><\/figure><\/div><\/div>\n\n\n\n<div id=\"wp-block-themeisle-blocks-advanced-column-f7adfc4a\" class=\"wp-block-themeisle-blocks-advanced-column\"><div class=\"wp-block-image\">\n<figure class=\"aligncenter size-full is-resized\"><img decoding=\"async\" width=\"1088\" height=\"1464\" src=\"https:\/\/www.ecocampingrural.com\/wp-content\/uploads\/2026\/04\/acsi-2026.jpeg\" alt=\"acsi-awards\" class=\"wp-image-2456\" style=\"width:173px;height:auto\" srcset=\"https:\/\/www.ecocampingrural.com\/wp-content\/uploads\/2026\/04\/acsi-2026.jpeg 1088w, https:\/\/www.ecocampingrural.com\/wp-content\/uploads\/2026\/04\/acsi-2026-223x300.jpeg 223w, https:\/\/www.ecocampingrural.com\/wp-content\/uploads\/2026\/04\/acsi-2026-761x1024.jpeg 761w, https:\/\/www.ecocampingrural.com\/wp-content\/uploads\/2026\/04\/acsi-2026-768x1033.jpeg 768w\" sizes=\"(max-width: 1088px) 100vw, 1088px\" \/><\/figure><\/div><\/div>\n<\/div><\/div>\n\n\n\n<div id=\"wp-block-themeisle-blocks-advanced-columns-c54a0ba4\" class=\"wp-block-themeisle-blocks-advanced-columns has-1-columns has-desktop-equal-layout has-tablet-equal-layout has-mobile-equal-layout has-vertical-unset ticss-a2946a77\"><div class=\"wp-block-themeisle-blocks-advanced-columns-overlay\"><\/div><div class=\"innerblocks-wrap\">\n<div id=\"wp-block-themeisle-blocks-advanced-column-da5e7659\" class=\"wp-block-themeisle-blocks-advanced-column\">\n<div class=\"wp-block-media-text alignwide has-media-on-the-right is-stacked-on-mobile is-vertically-aligned-center has-nv-site-bg-background-color has-background\"><div class=\"wp-block-media-text__content\">\n<div class=\"wp-block-group\" style=\"padding-top:2em;padding-right:2em;padding-bottom:2em;padding-left:2em\"><div class=\"wp-block-group__inner-container is-layout-flow wp-block-group-is-layout-flow\">\n<p style=\"font-size:36px;line-height:1.2\"><strong><strong>Bienvenue dans la vall\u00e9e de La Fueva<\/strong><\/strong><\/p>\n\n\n\n<p class=\"has-extra-small-font-size\">Les&nbsp;<strong>Pyr\u00e9n\u00e9es aragonaises<\/strong>&nbsp;cachent encore aujourd&#8217;hui une vall\u00e9e vierge, tr\u00e8s proche d&#8217;Ainsa, du&nbsp;<strong>Parc National d&#8217;Ordesa et du Mont-perdu<\/strong>, \u00e0 deux pas de Benasque et de la Sierra de Guara.&nbsp;Oui, cette vall\u00e9e idyllique existe et s&#8217;appelle&nbsp;<strong>La Fueva<\/strong>&nbsp;.&nbsp;Un endroit id\u00e9al pour conna\u00eetre Sobrarbe, Ribagorza et Somontano, pour faire du canyoning, du rafting dans les rivi\u00e8res \u00c9sera ou Cinca, pour vous offrir un caprice gastronomique ou visiter une cave de la Route des Vins du Somontano.&nbsp;Et si vous venez, n&#8217;oubliez pas votre v\u00e9lo !\u2026 c&#8217;est&nbsp;<strong><a href=\"https:\/\/translate.google.com\/website?sl=auto&amp;tl=es&amp;hl=es&amp;client=webapp&amp;u=https:\/\/zonazeropirineos.com\/en\/\">Zona Zero Territory<\/a><\/strong>&nbsp;.<\/p>\n<\/div><\/div>\n<\/div><figure class=\"wp-block-media-text__media\"><img decoding=\"async\" width=\"561\" height=\"343\" src=\"https:\/\/www.ecocampingrural.com\/wp-content\/uploads\/2021\/02\/entremon01b.jpg\" alt=\"la fueva pyrenees valley\" class=\"wp-image-75 size-full\" srcset=\"https:\/\/www.ecocampingrural.com\/wp-content\/uploads\/2021\/02\/entremon01b.jpg 561w, https:\/\/www.ecocampingrural.com\/wp-content\/uploads\/2021\/02\/entremon01b-300x183.jpg 300w\" sizes=\"(max-width: 561px) 100vw, 561px\" \/><\/figure><\/div>\n<\/div>\n<\/div><\/div>\n\n\n\n<div id=\"wp-block-themeisle-blocks-advanced-columns-784450ff\" class=\"wp-block-themeisle-blocks-advanced-columns alignfull has-1-columns has-desktop-equal-layout has-tablet-equal-layout has-mobile-collapsedRows-layout has-vertical-center ticss-a2946a77 has-dark-bg\"><div class=\"wp-block-themeisle-blocks-advanced-columns-overlay\"><\/div><div class=\"innerblocks-wrap\">\n<div id=\"wp-block-themeisle-blocks-advanced-column-d0fbfc0a\" class=\"wp-block-themeisle-blocks-advanced-column\">\n<div id=\"wp-block-themeisle-blocks-advanced-columns-f32a2609\" class=\"wp-block-themeisle-blocks-advanced-columns has-1-columns has-desktop-equal-layout has-tablet-equal-layout has-mobile-equal-layout has-vertical-center\"><div class=\"wp-block-themeisle-blocks-advanced-columns-overlay\"><\/div><div class=\"innerblocks-wrap\">\n<div id=\"wp-block-themeisle-blocks-advanced-column-3567d86b\" class=\"wp-block-themeisle-blocks-advanced-column\">\n<h3 id=\"wp-block-themeisle-blocks-advanced-heading-d5f71f32\" class=\"wp-block-themeisle-blocks-advanced-heading wp-block-themeisle-blocks-advanced-heading-d5f71f32\">Un petit camping, rural et \u00e9coresponsable<\/h3>\n\n\n\n<p class=\"has-text-align-center\">Mais\u2026 \u00bfPourquoi \u00e9co?<\/p>\n<\/div>\n<\/div><\/div>\n\n\n\n<div id=\"wp-block-themeisle-blocks-advanced-columns-8085ff1f\" class=\"wp-block-themeisle-blocks-advanced-columns has-3-columns has-desktop-equal-layout has-tablet-equal-layout has-mobile-collapsedRows-layout has-vertical-top\"><div class=\"wp-block-themeisle-blocks-advanced-columns-overlay\"><\/div><div class=\"innerblocks-wrap\">\n<div id=\"wp-block-themeisle-blocks-advanced-column-dfb15c39\" class=\"wp-block-themeisle-blocks-advanced-column\">\n<div id=\"wp-block-themeisle-blocks-font-awesome-icons-c5fd27f1\" class=\"wp-block-themeisle-blocks-font-awesome-icons\"><span class=\"wp-block-themeisle-blocks-font-awesome-icons-container\"><i class=\"fas fa-recycle\"><\/i><\/span><\/div>\n\n\n\n<h3 id=\"wp-block-themeisle-blocks-advanced-heading-3147d135\" class=\"wp-block-themeisle-blocks-advanced-heading wp-block-themeisle-blocks-advanced-heading-3147d135\">Passivhaus<\/h3>\n\n\n\n<p class=\"has-text-align-center\">Nous avons construit notre b\u00e2timent principal selon les crit\u00e8res de la passivhaus : cela nous permet d&#8217;am\u00e9liorer l&#8217;efficacit\u00e9 \u00e9nerg\u00e9tique.<\/p>\n<\/div>\n\n\n\n<div id=\"wp-block-themeisle-blocks-advanced-column-ec09b220\" class=\"wp-block-themeisle-blocks-advanced-column ticss-ec09b220\">\n<div id=\"wp-block-themeisle-blocks-font-awesome-icons-1225333d\" class=\"wp-block-themeisle-blocks-font-awesome-icons\"><span class=\"wp-block-themeisle-blocks-font-awesome-icons-container\"><i class=\"fas fa-cloud\"><\/i><\/span><\/div>\n\n\n\n<h3 id=\"wp-block-themeisle-blocks-advanced-heading-869a9c1f\" class=\"wp-block-themeisle-blocks-advanced-heading wp-block-themeisle-blocks-advanced-heading-869a9c1f\">Empreinte carbone<\/h3>\n\n\n\n<p class=\"has-text-align-center\">Nous avons des panneaux solaires pour couvrir la plupart de nos besoins \u00e9nerg\u00e9tiques.&nbsp;L&#8217;eau chaude et le syst\u00e8me de chauffage fonctionnent avec une chaudi\u00e8re \u00e0 granul\u00e9s.<\/p>\n<\/div>\n\n\n\n<div id=\"wp-block-themeisle-blocks-advanced-column-adbc5601\" class=\"wp-block-themeisle-blocks-advanced-column\">\n<div id=\"wp-block-themeisle-blocks-font-awesome-icons-2851bd4e\" class=\"wp-block-themeisle-blocks-font-awesome-icons\"><span class=\"wp-block-themeisle-blocks-font-awesome-icons-container\"><i class=\"fas fa-map-marked-alt\"><\/i><\/span><\/div>\n\n\n\n<h3 id=\"wp-block-themeisle-blocks-advanced-heading-bacc3ab4\" class=\"wp-block-themeisle-blocks-advanced-heading wp-block-themeisle-blocks-advanced-heading-bacc3ab4\">Manger Local<\/h3>\n\n\n\n<p class=\"has-text-align-center\">Dans la mesure du possible, nous utiliserons des produits fabriqu\u00e9s dans notre r\u00e9gion et avec des emballages recyclables ou consign\u00e9s.<\/p>\n<\/div>\n<\/div><\/div>\n<\/div>\n<\/div><\/div>\n\n\n\n<div id=\"wp-block-themeisle-blocks-advanced-columns-d87d87fb\" class=\"wp-block-themeisle-blocks-advanced-columns alignfull has-1-columns has-desktop-equal-layout has-tablet-equal-layout has-mobile-collapsedRows-layout has-vertical-center ticss-c00aadba\"><div class=\"wp-block-themeisle-blocks-advanced-columns-overlay\"><\/div><div class=\"innerblocks-wrap\">\n<div id=\"wp-block-themeisle-blocks-advanced-column-60dad16e\" class=\"wp-block-themeisle-blocks-advanced-column\">\n<div id=\"wp-block-themeisle-blocks-advanced-columns-d2e20cf0\" class=\"wp-block-themeisle-blocks-advanced-columns has-1-columns has-desktop-equal-layout has-tablet-equal-layout has-mobile-equal-layout has-vertical-center\"><div class=\"wp-block-themeisle-blocks-advanced-columns-overlay\"><\/div><div class=\"innerblocks-wrap\">\n<div id=\"wp-block-themeisle-blocks-advanced-column-05d18d48\" class=\"wp-block-themeisle-blocks-advanced-column\">\n<h2 id=\"wp-block-themeisle-blocks-advanced-heading-a0f1691e\" class=\"wp-block-themeisle-blocks-advanced-heading wp-block-themeisle-blocks-advanced-heading-a0f1691e\">Installations et services<\/h2>\n\n\n\n<p>L&#8217;Ecocamping Rural Valle de La Fueva vous propose des installations totalement nouvelles, avec eau chaude, machine \u00e0 laver gratuite\u2026 un camping avec barbecue, une petite piscine et un bar pour les amateurs de vin.<\/p>\n<\/div>\n<\/div><\/div>\n\n\n\n<div id=\"wp-block-themeisle-blocks-advanced-columns-be71e345\" class=\"wp-block-themeisle-blocks-advanced-columns has-4-columns has-desktop-equal-layout has-tablet-twoColumnGrid-layout has-mobile-collapsedRows-layout has-vertical-top\"><div class=\"wp-block-themeisle-blocks-advanced-columns-overlay\"><\/div><div class=\"innerblocks-wrap\">\n<div id=\"wp-block-themeisle-blocks-advanced-column-e373838a\" class=\"wp-block-themeisle-blocks-advanced-column\">\n<figure class=\"wp-block-image size-large is-style-default\"><img decoding=\"async\" width=\"1024\" height=\"768\" src=\"https:\/\/www.ecocampingrural.com\/wp-content\/uploads\/2021\/11\/aseos-camping-femenino-1024x768.jpg\" alt=\"facilites camping in the pyrenees\" class=\"wp-image-422\" srcset=\"https:\/\/www.ecocampingrural.com\/wp-content\/uploads\/2021\/11\/aseos-camping-femenino-1024x768.jpg 1024w, https:\/\/www.ecocampingrural.com\/wp-content\/uploads\/2021\/11\/aseos-camping-femenino-300x225.jpg 300w, https:\/\/www.ecocampingrural.com\/wp-content\/uploads\/2021\/11\/aseos-camping-femenino-768x576.jpg 768w, https:\/\/www.ecocampingrural.com\/wp-content\/uploads\/2021\/11\/aseos-camping-femenino-1536x1152.jpg 1536w, https:\/\/www.ecocampingrural.com\/wp-content\/uploads\/2021\/11\/aseos-camping-femenino-2048x1536.jpg 2048w\" sizes=\"(max-width: 1024px) 100vw, 1024px\" \/><\/figure>\n\n\n\n<h3 id=\"wp-block-themeisle-blocks-advanced-heading-a0f377e3\" class=\"wp-block-themeisle-blocks-advanced-heading wp-block-themeisle-blocks-advanced-heading-a0f377e3\">Installations<\/h3>\n\n\n\n<p id=\"wp-block-themeisle-blocks-advanced-heading-22009bd8\" class=\"wp-block-themeisle-blocks-advanced-heading wp-block-themeisle-blocks-advanced-heading-22009bd8\"><strong>avec 100% d&#8217;eau chaude <\/strong><\/p>\n\n\n\n<p class=\"has-text-align-left\"><\/p>\n<\/div>\n\n\n\n<div id=\"wp-block-themeisle-blocks-advanced-column-956fcf84\" class=\"wp-block-themeisle-blocks-advanced-column\">\n<figure class=\"wp-block-image size-large is-style-default\"><img decoding=\"async\" width=\"1024\" height=\"768\" src=\"https:\/\/www.ecocampingrural.com\/wp-content\/uploads\/2021\/11\/lavaderos-camping-ordesa-1024x768.jpg\" alt=\"washing machine free camping\" class=\"wp-image-444\" srcset=\"https:\/\/www.ecocampingrural.com\/wp-content\/uploads\/2021\/11\/lavaderos-camping-ordesa-1024x768.jpg 1024w, https:\/\/www.ecocampingrural.com\/wp-content\/uploads\/2021\/11\/lavaderos-camping-ordesa-300x225.jpg 300w, https:\/\/www.ecocampingrural.com\/wp-content\/uploads\/2021\/11\/lavaderos-camping-ordesa-768x576.jpg 768w, https:\/\/www.ecocampingrural.com\/wp-content\/uploads\/2021\/11\/lavaderos-camping-ordesa-1536x1152.jpg 1536w, https:\/\/www.ecocampingrural.com\/wp-content\/uploads\/2021\/11\/lavaderos-camping-ordesa-2048x1536.jpg 2048w\" sizes=\"(max-width: 1024px) 100vw, 1024px\" \/><\/figure>\n\n\n\n<h3 id=\"wp-block-themeisle-blocks-advanced-heading-16fc6df3\" class=\"wp-block-themeisle-blocks-advanced-heading wp-block-themeisle-blocks-advanced-heading-16fc6df3\">Machine \u00e0 laver<\/h3>\n\n\n\n<p id=\"wp-block-themeisle-blocks-advanced-heading-1c8a5fcf\" class=\"wp-block-themeisle-blocks-advanced-heading wp-block-themeisle-blocks-advanced-heading-1c8a5fcf\"><strong>gratuit en journ\u00e9e!!<\/strong><\/p>\n\n\n\n<p class=\"has-text-align-left\"><\/p>\n<\/div>\n\n\n\n<div id=\"wp-block-themeisle-blocks-advanced-column-7e32a82b\" class=\"wp-block-themeisle-blocks-advanced-column\">\n<figure class=\"wp-block-image size-large is-style-default\"><img decoding=\"async\" width=\"1024\" height=\"768\" src=\"https:\/\/www.ecocampingrural.com\/wp-content\/uploads\/2022\/06\/piscina-nocturna-camping-1024x768.jpg\" alt=\"swimming pool night camping in the pyrenees\" class=\"wp-image-904\" srcset=\"https:\/\/www.ecocampingrural.com\/wp-content\/uploads\/2022\/06\/piscina-nocturna-camping-1024x768.jpg 1024w, https:\/\/www.ecocampingrural.com\/wp-content\/uploads\/2022\/06\/piscina-nocturna-camping-300x225.jpg 300w, https:\/\/www.ecocampingrural.com\/wp-content\/uploads\/2022\/06\/piscina-nocturna-camping-768x576.jpg 768w, https:\/\/www.ecocampingrural.com\/wp-content\/uploads\/2022\/06\/piscina-nocturna-camping-1536x1152.jpg 1536w, https:\/\/www.ecocampingrural.com\/wp-content\/uploads\/2022\/06\/piscina-nocturna-camping-2048x1536.jpg 2048w\" sizes=\"(max-width: 1024px) 100vw, 1024px\" \/><\/figure>\n\n\n\n<h3 id=\"wp-block-themeisle-blocks-advanced-heading-5cdd08a0\" class=\"wp-block-themeisle-blocks-advanced-heading wp-block-themeisle-blocks-advanced-heading-5cdd08a0\">Piscine<\/h3>\n\n\n\n<p id=\"wp-block-themeisle-blocks-advanced-heading-a4688a0d\" class=\"wp-block-themeisle-blocks-advanced-heading wp-block-themeisle-blocks-advanced-heading-a4688a0d\"><strong>uniquement en saison estivale<\/strong><\/p>\n\n\n\n<p class=\"has-text-align-left\"><\/p>\n<\/div>\n\n\n\n<div id=\"wp-block-themeisle-blocks-advanced-column-47c7b5bd\" class=\"wp-block-themeisle-blocks-advanced-column\">\n<figure class=\"wp-block-image size-large is-style-default\"><img decoding=\"async\" width=\"1024\" height=\"771\" src=\"https:\/\/www.ecocampingrural.com\/wp-content\/uploads\/2022\/05\/tapa-camping-1024x771.jpg\" alt=\"tapas wine bar camping in the pyrenees\" class=\"wp-image-822\" srcset=\"https:\/\/www.ecocampingrural.com\/wp-content\/uploads\/2022\/05\/tapa-camping-1024x771.jpg 1024w, https:\/\/www.ecocampingrural.com\/wp-content\/uploads\/2022\/05\/tapa-camping-300x226.jpg 300w, https:\/\/www.ecocampingrural.com\/wp-content\/uploads\/2022\/05\/tapa-camping-768x578.jpg 768w, https:\/\/www.ecocampingrural.com\/wp-content\/uploads\/2022\/05\/tapa-camping-1536x1156.jpg 1536w, https:\/\/www.ecocampingrural.com\/wp-content\/uploads\/2022\/05\/tapa-camping-2048x1541.jpg 2048w\" sizes=\"(max-width: 1024px) 100vw, 1024px\" \/><\/figure>\n\n\n\n<h3 id=\"wp-block-themeisle-blocks-advanced-heading-d67c0dbf\" class=\"wp-block-themeisle-blocks-advanced-heading wp-block-themeisle-blocks-advanced-heading-d67c0dbf\">Bar \u00e0 vin<\/h3>\n\n\n\n<p id=\"wp-block-themeisle-blocks-advanced-heading-ab27dee0\" class=\"wp-block-themeisle-blocks-advanced-heading wp-block-themeisle-blocks-advanced-heading-ab27dee0\"><strong>nous sommes des amateurs de vin<\/strong><\/p>\n\n\n\n<p class=\"has-text-align-left\"><\/p>\n<\/div>\n<\/div><\/div>\n<\/div>\n<\/div><\/div>\n\n\n\n<div id=\"wp-block-themeisle-blocks-advanced-columns-a2946a77\" class=\"wp-block-themeisle-blocks-advanced-columns alignfull has-2-columns has-desktop-equal-layout has-tablet-equal-layout has-mobile-collapsedRows-layout has-vertical-center ticss-a2946a77 has-dark-bg\"><div class=\"wp-block-themeisle-blocks-advanced-columns-overlay\"><\/div><div class=\"innerblocks-wrap\">\n<div id=\"wp-block-themeisle-blocks-advanced-column-bbddf55b\" class=\"wp-block-themeisle-blocks-advanced-column\"><div class=\"wp-block-image\">\n<figure class=\"aligncenter size-large\"><img decoding=\"async\" width=\"768\" height=\"1024\" src=\"https:\/\/www.ecocampingrural.com\/wp-content\/uploads\/2022\/05\/IMG_4306-768x1024.jpg\" alt=\"chill out area camping in the pyrenees\" class=\"wp-image-859\" srcset=\"https:\/\/www.ecocampingrural.com\/wp-content\/uploads\/2022\/05\/IMG_4306-768x1024.jpg 768w, https:\/\/www.ecocampingrural.com\/wp-content\/uploads\/2022\/05\/IMG_4306-225x300.jpg 225w, https:\/\/www.ecocampingrural.com\/wp-content\/uploads\/2022\/05\/IMG_4306-1152x1536.jpg 1152w, https:\/\/www.ecocampingrural.com\/wp-content\/uploads\/2022\/05\/IMG_4306-1536x2048.jpg 1536w, https:\/\/www.ecocampingrural.com\/wp-content\/uploads\/2022\/05\/IMG_4306-scaled.jpg 1920w\" sizes=\"(max-width: 768px) 100vw, 768px\" \/><\/figure><\/div><\/div>\n\n\n\n<div id=\"wp-block-themeisle-blocks-advanced-column-92b2db05\" class=\"wp-block-themeisle-blocks-advanced-column\">\n<p class=\"has-nv-site-bg-color has-text-color has-small-font-size\" id=\"wp-block-themeisle-blocks-advanced-heading-82f63cc5\"><strong>DANS L&#8217;\u00c9COCAMPING RURAL NOUS ACCEPTONS LES ANIMAUX<\/strong><\/p>\n\n\n\n<h4 id=\"wp-block-themeisle-blocks-advanced-heading-8f1f2647\" class=\"wp-block-themeisle-blocks-advanced-heading wp-block-themeisle-blocks-advanced-heading-8f1f2647\">VENEZ AVEC VOTRE ANIMAL DE COMPAGNIE !<\/h4>\n\n\n\n<p class=\"has-nv-site-bg-color has-text-color\">Oui!&nbsp;Nous aimons les chiens, les chats, les perroquets\u2026 nous serons heureux de vous accueillir avec vos mascottes quelques jours de vacances\u2026 car eux aussi m\u00e9ritent bien le d\u00e9paysement !<\/p>\n\n\n\n<div class=\"wp-block-buttons is-layout-flex wp-block-buttons-is-layout-flex\">\n<div class=\"wp-block-button is-style-primary\"><a class=\"wp-block-button__link wp-element-button\">LES ANIMAUX SONT GRATUITS!<\/a><\/div>\n<\/div>\n<\/div>\n<\/div><\/div>\n\n\n\n<h2 class=\"wp-block-heading\">Galerie Photo de notre Camping dans les Pyr\u00e9n\u00e9es<\/h2>\n\n\n\n<figure class=\"wp-block-gallery has-nested-images columns-default is-cropped wp-block-gallery-1 is-layout-flex wp-block-gallery-is-layout-flex\">\n<figure class=\"wp-block-image size-large\"><img decoding=\"async\" width=\"863\" height=\"545\" data-id=\"1084\" src=\"https:\/\/www.ecocampingrural.com\/wp-content\/uploads\/2022\/10\/swimming-pool-camping.jpeg\" alt=\"pool in the camping\" class=\"wp-image-1084\" srcset=\"https:\/\/www.ecocampingrural.com\/wp-content\/uploads\/2022\/10\/swimming-pool-camping.jpeg 863w, https:\/\/www.ecocampingrural.com\/wp-content\/uploads\/2022\/10\/swimming-pool-camping-300x189.jpeg 300w, https:\/\/www.ecocampingrural.com\/wp-content\/uploads\/2022\/10\/swimming-pool-camping-768x485.jpeg 768w\" sizes=\"(max-width: 863px) 100vw, 863px\" \/><figcaption class=\"wp-element-caption\">Swimming Pool Camping<\/figcaption><\/figure>\n\n\n\n<figure class=\"wp-block-image size-large\"><img decoding=\"async\" width=\"678\" height=\"811\" data-id=\"1085\" src=\"https:\/\/www.ecocampingrural.com\/wp-content\/uploads\/2022\/10\/vanlife-camper-camping.jpeg\" alt=\"vanlife camping in the pyrenees\" class=\"wp-image-1085\" srcset=\"https:\/\/www.ecocampingrural.com\/wp-content\/uploads\/2022\/10\/vanlife-camper-camping.jpeg 678w, https:\/\/www.ecocampingrural.com\/wp-content\/uploads\/2022\/10\/vanlife-camper-camping-251x300.jpeg 251w\" sizes=\"(max-width: 678px) 100vw, 678px\" \/><figcaption class=\"wp-element-caption\">Vanlife Camping<\/figcaption><\/figure>\n\n\n\n<figure class=\"wp-block-image size-large\"><img decoding=\"async\" width=\"857\" height=\"816\" data-id=\"1086\" src=\"https:\/\/www.ecocampingrural.com\/wp-content\/uploads\/2022\/10\/overland-camping-pyrenees.jpeg\" alt=\"\" class=\"wp-image-1086\" srcset=\"https:\/\/www.ecocampingrural.com\/wp-content\/uploads\/2022\/10\/overland-camping-pyrenees.jpeg 857w, https:\/\/www.ecocampingrural.com\/wp-content\/uploads\/2022\/10\/overland-camping-pyrenees-300x286.jpeg 300w, https:\/\/www.ecocampingrural.com\/wp-content\/uploads\/2022\/10\/overland-camping-pyrenees-768x731.jpeg 768w\" sizes=\"(max-width: 857px) 100vw, 857px\" \/><figcaption class=\"wp-element-caption\">Overland Camping<\/figcaption><\/figure>\n\n\n\n<figure class=\"wp-block-image size-large\"><img decoding=\"async\" width=\"2560\" height=\"1920\" data-id=\"1083\" src=\"https:\/\/www.ecocampingrural.com\/wp-content\/uploads\/2022\/10\/image1-scaled.jpeg\" alt=\"sunset lovers camping pyrenees\" class=\"wp-image-1083\" srcset=\"https:\/\/www.ecocampingrural.com\/wp-content\/uploads\/2022\/10\/image1-scaled.jpeg 2560w, https:\/\/www.ecocampingrural.com\/wp-content\/uploads\/2022\/10\/image1-300x225.jpeg 300w, https:\/\/www.ecocampingrural.com\/wp-content\/uploads\/2022\/10\/image1-1024x768.jpeg 1024w, https:\/\/www.ecocampingrural.com\/wp-content\/uploads\/2022\/10\/image1-768x576.jpeg 768w, https:\/\/www.ecocampingrural.com\/wp-content\/uploads\/2022\/10\/image1-1536x1152.jpeg 1536w, https:\/\/www.ecocampingrural.com\/wp-content\/uploads\/2022\/10\/image1-2048x1536.jpeg 2048w\" sizes=\"(max-width: 2560px) 100vw, 2560px\" \/><figcaption class=\"wp-element-caption\">Wanderlust Sunset<\/figcaption><\/figure>\n\n\n\n<figure class=\"wp-block-image size-large\"><img decoding=\"async\" width=\"2560\" height=\"1920\" data-id=\"1082\" src=\"https:\/\/www.ecocampingrural.com\/wp-content\/uploads\/2022\/10\/camping-semana-santa-pirineo-scaled.jpg\" alt=\"\" class=\"wp-image-1082\" srcset=\"https:\/\/www.ecocampingrural.com\/wp-content\/uploads\/2022\/10\/camping-semana-santa-pirineo-scaled.jpg 2560w, https:\/\/www.ecocampingrural.com\/wp-content\/uploads\/2022\/10\/camping-semana-santa-pirineo-300x225.jpg 300w, https:\/\/www.ecocampingrural.com\/wp-content\/uploads\/2022\/10\/camping-semana-santa-pirineo-1024x768.jpg 1024w, https:\/\/www.ecocampingrural.com\/wp-content\/uploads\/2022\/10\/camping-semana-santa-pirineo-768x576.jpg 768w, https:\/\/www.ecocampingrural.com\/wp-content\/uploads\/2022\/10\/camping-semana-santa-pirineo-1536x1152.jpg 1536w, https:\/\/www.ecocampingrural.com\/wp-content\/uploads\/2022\/10\/camping-semana-santa-pirineo-2048x1536.jpg 2048w\" sizes=\"(max-width: 2560px) 100vw, 2560px\" \/><figcaption class=\"wp-element-caption\">Motorhome Camping<\/figcaption><\/figure>\n\n\n\n<figure class=\"wp-block-image size-large\"><img decoding=\"async\" width=\"2560\" height=\"1440\" data-id=\"1087\" src=\"https:\/\/www.ecocampingrural.com\/wp-content\/uploads\/2022\/10\/DJI_0152-scaled.jpg\" alt=\"camping drone view\" class=\"wp-image-1087\" srcset=\"https:\/\/www.ecocampingrural.com\/wp-content\/uploads\/2022\/10\/DJI_0152-scaled.jpg 2560w, https:\/\/www.ecocampingrural.com\/wp-content\/uploads\/2022\/10\/DJI_0152-300x169.jpg 300w, https:\/\/www.ecocampingrural.com\/wp-content\/uploads\/2022\/10\/DJI_0152-1024x576.jpg 1024w, https:\/\/www.ecocampingrural.com\/wp-content\/uploads\/2022\/10\/DJI_0152-768x432.jpg 768w, https:\/\/www.ecocampingrural.com\/wp-content\/uploads\/2022\/10\/DJI_0152-1536x864.jpg 1536w, https:\/\/www.ecocampingrural.com\/wp-content\/uploads\/2022\/10\/DJI_0152-2048x1152.jpg 2048w\" sizes=\"(max-width: 2560px) 100vw, 2560px\" \/><figcaption class=\"wp-element-caption\">Pool and view<\/figcaption><\/figure>\n\n\n\n<figure class=\"wp-block-image size-large\"><img decoding=\"async\" width=\"1200\" height=\"1600\" data-id=\"940\" src=\"https:\/\/www.ecocampingrural.com\/wp-content\/uploads\/2022\/06\/WhatsApp-Image-2022-06-25-at-11.39.45-PM-3.jpeg\" alt=\"camping-san-juan\" class=\"wp-image-940\" srcset=\"https:\/\/www.ecocampingrural.com\/wp-content\/uploads\/2022\/06\/WhatsApp-Image-2022-06-25-at-11.39.45-PM-3.jpeg 1200w, https:\/\/www.ecocampingrural.com\/wp-content\/uploads\/2022\/06\/WhatsApp-Image-2022-06-25-at-11.39.45-PM-3-225x300.jpeg 225w, https:\/\/www.ecocampingrural.com\/wp-content\/uploads\/2022\/06\/WhatsApp-Image-2022-06-25-at-11.39.45-PM-3-768x1024.jpeg 768w, https:\/\/www.ecocampingrural.com\/wp-content\/uploads\/2022\/06\/WhatsApp-Image-2022-06-25-at-11.39.45-PM-3-1152x1536.jpeg 1152w\" sizes=\"(max-width: 1200px) 100vw, 1200px\" \/><figcaption class=\"wp-element-caption\">VW Camper<\/figcaption><\/figure>\n\n\n\n<figure class=\"wp-block-image size-large\"><img decoding=\"async\" width=\"2048\" height=\"923\" data-id=\"932\" src=\"https:\/\/www.ecocampingrural.com\/wp-content\/uploads\/2022\/06\/WhatsApp-Image-2022-06-25-at-10.36.54-PM-1.jpeg\" alt=\"\" class=\"wp-image-932\" srcset=\"https:\/\/www.ecocampingrural.com\/wp-content\/uploads\/2022\/06\/WhatsApp-Image-2022-06-25-at-10.36.54-PM-1.jpeg 2048w, https:\/\/www.ecocampingrural.com\/wp-content\/uploads\/2022\/06\/WhatsApp-Image-2022-06-25-at-10.36.54-PM-1-300x135.jpeg 300w, https:\/\/www.ecocampingrural.com\/wp-content\/uploads\/2022\/06\/WhatsApp-Image-2022-06-25-at-10.36.54-PM-1-1024x462.jpeg 1024w, https:\/\/www.ecocampingrural.com\/wp-content\/uploads\/2022\/06\/WhatsApp-Image-2022-06-25-at-10.36.54-PM-1-768x346.jpeg 768w, https:\/\/www.ecocampingrural.com\/wp-content\/uploads\/2022\/06\/WhatsApp-Image-2022-06-25-at-10.36.54-PM-1-1536x692.jpeg 1536w\" sizes=\"(max-width: 2048px) 100vw, 2048px\" \/><figcaption class=\"wp-element-caption\">Magic Night with music<\/figcaption><\/figure>\n\n\n\n<figure class=\"wp-block-image size-large\"><img decoding=\"async\" width=\"1242\" height=\"769\" data-id=\"809\" src=\"https:\/\/www.ecocampingrural.com\/wp-content\/uploads\/2022\/05\/area-caravanas-la-fueva-camping.jpeg\" alt=\"\" class=\"wp-image-809\" srcset=\"https:\/\/www.ecocampingrural.com\/wp-content\/uploads\/2022\/05\/area-caravanas-la-fueva-camping.jpeg 1242w, https:\/\/www.ecocampingrural.com\/wp-content\/uploads\/2022\/05\/area-caravanas-la-fueva-camping-300x186.jpeg 300w, https:\/\/www.ecocampingrural.com\/wp-content\/uploads\/2022\/05\/area-caravanas-la-fueva-camping-1024x634.jpeg 1024w, https:\/\/www.ecocampingrural.com\/wp-content\/uploads\/2022\/05\/area-caravanas-la-fueva-camping-768x476.jpeg 768w\" sizes=\"(max-width: 1242px) 100vw, 1242px\" \/><figcaption class=\"wp-element-caption\">Service Area<\/figcaption><\/figure>\n\n\n\n<figure class=\"wp-block-image size-large\"><img decoding=\"async\" width=\"1920\" height=\"2560\" data-id=\"520\" src=\"https:\/\/www.ecocampingrural.com\/wp-content\/uploads\/2021\/11\/tienda-ecologica-camping-pirineo-scaled.jpg\" alt=\"little shop in camping\" class=\"wp-image-520\" srcset=\"https:\/\/www.ecocampingrural.com\/wp-content\/uploads\/2021\/11\/tienda-ecologica-camping-pirineo-scaled.jpg 1920w, https:\/\/www.ecocampingrural.com\/wp-content\/uploads\/2021\/11\/tienda-ecologica-camping-pirineo-225x300.jpg 225w, https:\/\/www.ecocampingrural.com\/wp-content\/uploads\/2021\/11\/tienda-ecologica-camping-pirineo-768x1024.jpg 768w, https:\/\/www.ecocampingrural.com\/wp-content\/uploads\/2021\/11\/tienda-ecologica-camping-pirineo-1152x1536.jpg 1152w, https:\/\/www.ecocampingrural.com\/wp-content\/uploads\/2021\/11\/tienda-ecologica-camping-pirineo-1536x2048.jpg 1536w\" sizes=\"(max-width: 1920px) 100vw, 1920px\" \/><figcaption class=\"wp-element-caption\">Little Shop<\/figcaption><\/figure>\n\n\n\n<figure class=\"wp-block-image size-large\"><img decoding=\"async\" width=\"1920\" height=\"2560\" data-id=\"175\" src=\"https:\/\/www.ecocampingrural.com\/wp-content\/uploads\/2021\/10\/image00018-scaled.jpeg\" alt=\"tienda-campa\u00f1a-camping\" class=\"wp-image-175\" srcset=\"https:\/\/www.ecocampingrural.com\/wp-content\/uploads\/2021\/10\/image00018-scaled.jpeg 1920w, https:\/\/www.ecocampingrural.com\/wp-content\/uploads\/2021\/10\/image00018-225x300.jpeg 225w, https:\/\/www.ecocampingrural.com\/wp-content\/uploads\/2021\/10\/image00018-768x1024.jpeg 768w, https:\/\/www.ecocampingrural.com\/wp-content\/uploads\/2021\/10\/image00018-1152x1536.jpeg 1152w, https:\/\/www.ecocampingrural.com\/wp-content\/uploads\/2021\/10\/image00018-1536x2048.jpeg 1536w\" sizes=\"(max-width: 1920px) 100vw, 1920px\" \/><figcaption class=\"wp-element-caption\">Camping familiar<\/figcaption><\/figure>\n\n\n\n<figure class=\"wp-block-image size-large\"><img decoding=\"async\" width=\"1199\" height=\"949\" data-id=\"371\" src=\"https:\/\/www.ecocampingrural.com\/wp-content\/uploads\/2021\/11\/bar-ecocamping-la-fueva.jpeg\" alt=\"wine bar in the camping\" class=\"wp-image-371\" srcset=\"https:\/\/www.ecocampingrural.com\/wp-content\/uploads\/2021\/11\/bar-ecocamping-la-fueva.jpeg 1199w, https:\/\/www.ecocampingrural.com\/wp-content\/uploads\/2021\/11\/bar-ecocamping-la-fueva-300x237.jpeg 300w, https:\/\/www.ecocampingrural.com\/wp-content\/uploads\/2021\/11\/bar-ecocamping-la-fueva-1024x810.jpeg 1024w, https:\/\/www.ecocampingrural.com\/wp-content\/uploads\/2021\/11\/bar-ecocamping-la-fueva-768x608.jpeg 768w\" sizes=\"(max-width: 1199px) 100vw, 1199px\" \/><figcaption class=\"wp-element-caption\">gastronomia<\/figcaption><\/figure>\n\n\n\n<figure class=\"wp-block-image size-large\"><img decoding=\"async\" width=\"2560\" height=\"1115\" data-id=\"445\" src=\"https:\/\/www.ecocampingrural.com\/wp-content\/uploads\/2021\/11\/barbacoa-camping-pirineo-scaled.jpg\" alt=\"\" class=\"wp-image-445\" srcset=\"https:\/\/www.ecocampingrural.com\/wp-content\/uploads\/2021\/11\/barbacoa-camping-pirineo-scaled.jpg 2560w, https:\/\/www.ecocampingrural.com\/wp-content\/uploads\/2021\/11\/barbacoa-camping-pirineo-300x131.jpg 300w, https:\/\/www.ecocampingrural.com\/wp-content\/uploads\/2021\/11\/barbacoa-camping-pirineo-1024x446.jpg 1024w, https:\/\/www.ecocampingrural.com\/wp-content\/uploads\/2021\/11\/barbacoa-camping-pirineo-768x334.jpg 768w, https:\/\/www.ecocampingrural.com\/wp-content\/uploads\/2021\/11\/barbacoa-camping-pirineo-1536x669.jpg 1536w, https:\/\/www.ecocampingrural.com\/wp-content\/uploads\/2021\/11\/barbacoa-camping-pirineo-2048x892.jpg 2048w\" sizes=\"(max-width: 2560px) 100vw, 2560px\" \/><figcaption class=\"wp-element-caption\">Bbq area<\/figcaption><\/figure>\n\n\n\n<figure class=\"wp-block-image size-large\"><img decoding=\"async\" width=\"2560\" height=\"1920\" data-id=\"425\" src=\"https:\/\/www.ecocampingrural.com\/wp-content\/uploads\/2021\/11\/sanitarios-lavabo-camping-scaled.jpg\" alt=\"\" class=\"wp-image-425\" srcset=\"https:\/\/www.ecocampingrural.com\/wp-content\/uploads\/2021\/11\/sanitarios-lavabo-camping-scaled.jpg 2560w, https:\/\/www.ecocampingrural.com\/wp-content\/uploads\/2021\/11\/sanitarios-lavabo-camping-300x225.jpg 300w, https:\/\/www.ecocampingrural.com\/wp-content\/uploads\/2021\/11\/sanitarios-lavabo-camping-1024x768.jpg 1024w, https:\/\/www.ecocampingrural.com\/wp-content\/uploads\/2021\/11\/sanitarios-lavabo-camping-768x576.jpg 768w, https:\/\/www.ecocampingrural.com\/wp-content\/uploads\/2021\/11\/sanitarios-lavabo-camping-1536x1152.jpg 1536w, https:\/\/www.ecocampingrural.com\/wp-content\/uploads\/2021\/11\/sanitarios-lavabo-camping-2048x1536.jpg 2048w\" sizes=\"(max-width: 2560px) 100vw, 2560px\" \/><figcaption class=\"wp-element-caption\">facilities<\/figcaption><\/figure>\n\n\n\n<figure class=\"wp-block-image size-large\"><img decoding=\"async\" width=\"2560\" height=\"1600\" data-id=\"470\" src=\"https:\/\/www.ecocampingrural.com\/wp-content\/uploads\/2021\/11\/image00001-edited-scaled.jpeg\" alt=\"reception camping in pyrenees\" class=\"wp-image-470\" srcset=\"https:\/\/www.ecocampingrural.com\/wp-content\/uploads\/2021\/11\/image00001-edited-scaled.jpeg 2560w, https:\/\/www.ecocampingrural.com\/wp-content\/uploads\/2021\/11\/image00001-edited-300x188.jpeg 300w, https:\/\/www.ecocampingrural.com\/wp-content\/uploads\/2021\/11\/image00001-edited-1024x640.jpeg 1024w, https:\/\/www.ecocampingrural.com\/wp-content\/uploads\/2021\/11\/image00001-edited-768x480.jpeg 768w, https:\/\/www.ecocampingrural.com\/wp-content\/uploads\/2021\/11\/image00001-edited-1536x960.jpeg 1536w, https:\/\/www.ecocampingrural.com\/wp-content\/uploads\/2021\/11\/image00001-edited-2048x1280.jpeg 2048w\" sizes=\"(max-width: 2560px) 100vw, 2560px\" \/><figcaption class=\"wp-element-caption\">Recepci\u00f3n<\/figcaption><\/figure>\n<\/figure>\n\n\n\n<h2 class=\"wp-block-heading\">Tarifs de notre camping dans les Pyr\u00e9n\u00e9es<\/h2>\n\n\n\n<div id=\"wp-block-themeisle-blocks-icon-list-e3e9eb53\" class=\"wp-block-themeisle-blocks-icon-list is-style-horizontal\">\n<div id=\"wp-block-themeisle-blocks-icon-list-item-6458e467\" class=\"wp-block-themeisle-blocks-icon-list-item\"><i class=\"fas fa-car-side wp-block-themeisle-blocks-icon-list-item-icon-custom\"><\/i><p class=\"wp-block-themeisle-blocks-icon-list-item-content\">\/<\/p><\/div>\n\n\n\n<div id=\"wp-block-themeisle-blocks-icon-list-item-8cca1fb6\" class=\"wp-block-themeisle-blocks-icon-list-item\"><i class=\"fas fa-motorcycle wp-block-themeisle-blocks-icon-list-item-icon-custom\"><\/i><p class=\"wp-block-themeisle-blocks-icon-list-item-content\">+<\/p><\/div>\n\n\n\n<div id=\"wp-block-themeisle-blocks-icon-list-item-4d88f1e4\" class=\"wp-block-themeisle-blocks-icon-list-item\"><i class=\"fas fa-campground wp-block-themeisle-blocks-icon-list-item-icon-custom\"><\/i><p class=\"wp-block-themeisle-blocks-icon-list-item-content\"> \/ <\/p><\/div>\n\n\n\n<div id=\"wp-block-themeisle-blocks-icon-list-item-f0851721\" class=\"wp-block-themeisle-blocks-icon-list-item\"><i class=\"fas fa-caravan wp-block-themeisle-blocks-icon-list-item-icon-custom\"><\/i><p class=\"wp-block-themeisle-blocks-icon-list-item-content\"> \/<\/p><\/div>\n\n\n\n<div id=\"wp-block-themeisle-blocks-icon-list-item-81484c09\" class=\"wp-block-themeisle-blocks-icon-list-item\"><i class=\"fas fa-shuttle-van wp-block-themeisle-blocks-icon-list-item-icon-custom\"><\/i><p class=\"wp-block-themeisle-blocks-icon-list-item-content\"><\/p><\/div>\n<\/div>\n\n\n\n<p><strong>&gt;&gt; Haute Saison<\/strong>&nbsp;15,00 \u20ac la nuit<br><em>(Semaine Sainte, St Jean, Juillet et Ao\u00fbt)<\/em><\/p>\n\n\n\n<hr class=\"wp-block-separator has-alpha-channel-opacity\"\/>\n\n\n\n<p><strong>&gt;&gt; Basse Saison<\/strong>&nbsp;11,00 \u20ac la nuit<br><em>(reste de l&#8217;ann\u00e9e)<\/em><\/p>\n\n\n\n<hr class=\"wp-block-separator has-alpha-channel-opacity\"\/>\n\n\n\n<p><strong><strong>TVA de 10&nbsp;% incluse.<\/strong><\/strong><\/p>\n\n\n\n<ul class=\"wp-block-list\">\n<li>Le prix comprend : 1 voiture + 1 caravane ou tente ou camping-car\/ van<\/li>\n\n\n\n<li>Heure d&#8217;arriv\u00e9e : A partir de 12h00<\/li>\n\n\n\n<li>Heure de d\u00e9part : Avant 12h00<\/li>\n<\/ul>\n\n\n\n<hr class=\"wp-block-separator has-alpha-channel-opacity\"\/>\n\n\n\n<p><strong>Concepts suppl\u00e9mentaires (Extras)<\/strong><\/p>\n\n\n\n<figure class=\"wp-block-table\"><table><tbody><tr><td><\/td><td><strong>Basse Saison<\/strong><\/td><td><strong>Haute Saison<\/strong><\/td><\/tr><tr><td>\ud83e\uddd1 Adulte <em>(\u00e0 partir de 13 ans)<\/em><\/td><td>5.00 \u20ac<\/td><td>5.00 \u20ac<\/td><\/tr><tr><td>\ud83d\udc67 Enfants <em>(de 3 \u00e0 12 ans)<\/em><\/td><td>4.50 \u20ac<\/td><td>4.50 \u20ac<\/td><\/tr><tr><td>\u26a1 \u00c9lectricit\u00e9 <\/td><td>5.00 \u20ac<\/td><td>5.00 \u20ac<\/td><\/tr><tr><td>\ud83d\ude97 Voiture\/ Moto <em>(Extra)<\/em><\/td><td>5.00 \u20ac<\/td><td>5.00 \u20ac<\/td><\/tr><tr><td>\ud83c\udfd5\ufe0f Tente <em>(Extra)<\/em><\/td><td>5.00 \u20ac<\/td><td>5.00 \u20ac<\/td><\/tr><tr><td>\ud83d\udc15 Animaux domestiques<\/td><td>Gratuit<\/td><td>Gratuit<\/td><\/tr><\/tbody><\/table><figcaption class=\"wp-element-caption\"><strong><strong>Prix \u200b\u200bpar nuit |&nbsp;10&nbsp;% TVA incluse<\/strong><br><\/strong><\/figcaption><\/figure>\n\n\n\n<h2 class=\"wp-block-heading\">En contact avec nous<\/h2>\n\n\n\n<p>Vous pouvez utiliser ce formulaire.&nbsp;Vous pouvez \u00e9galement nous envoyer un whatsapp (+34 652 24 84 77) ou, si vous pr\u00e9f\u00e9rez, envoyez-nous un email (info@ecocampingrural.com).<\/p>\n\n\n\n<div class=\"wp-block-jetpack-contact-form\">\n\n\n\n\n\n<\/div>\n","protected":false},"excerpt":{"rendered":"<p>Distinctions Galerie Photo de notre Camping dans les Pyr\u00e9n\u00e9es Tarifs de notre camping dans les Pyr\u00e9n\u00e9es &gt;&gt; Haute Saison&nbsp;15,00 \u20ac la nuit(Semaine Sainte, St Jean, Juillet et Ao\u00fbt) &gt;&gt; Basse Saison&nbsp;11,00 \u20ac la nuit(reste de l&#8217;ann\u00e9e) TVA de 10&nbsp;% incluse. Concepts suppl\u00e9mentaires (Extras) Basse Saison Haute Saison \ud83e\uddd1 Adulte (\u00e0 partir de 13 ans) 5.00&hellip;&nbsp;<a href=\"https:\/\/www.ecocampingrural.com\/index.php\/camping-dans-les-pyrenees\/\" rel=\"bookmark\">Leer m\u00e1s &raquo;<span class=\"screen-reader-text\">Camping dans les Pyr\u00e9n\u00e9es<\/span><\/a><\/p>\n","protected":false},"author":1,"featured_media":1087,"parent":0,"menu_order":0,"comment_status":"closed","ping_status":"closed","template":"","meta":{"_uf_show_specific_survey":0,"_uf_disable_surveys":false,"neve_meta_sidebar":"","neve_meta_container":"","neve_meta_enable_content_width":"","neve_meta_content_width":0,"neve_meta_title_alignment":"","neve_meta_author_avatar":"","neve_post_elements_order":"","neve_meta_disable_header":"","neve_meta_disable_footer":"","neve_meta_disable_title":"on","_themeisle_gutenberg_block_has_review":false,"footnotes":""},"class_list":["post-1098","page","type-page","status-publish","has-post-thumbnail","hentry"],"yoast_head":"<!-- This site is optimized with the Yoast SEO plugin v25.6 - https:\/\/yoast.com\/wordpress\/plugins\/seo\/ -->\n<title>Camping dans les Pyr\u00e9n\u00e9es - Ecocamping Rural<\/title>\n<meta name=\"description\" content=\"Voici la version fran\u00e7aise de notre site : un petit camping dans les Pyr\u00e9n\u00e9es. Ecocamping Rural Valle de La Fueva - Camper Area - Zona Zero\" \/>\n<meta name=\"robots\" content=\"index, follow, max-snippet:-1, max-image-preview:large, max-video-preview:-1\" \/>\n<link rel=\"canonical\" href=\"https:\/\/www.ecocampingrural.com\/index.php\/camping-dans-les-pyrenees\/\" \/>\n<meta property=\"og:locale\" content=\"es_ES\" \/>\n<meta property=\"og:type\" content=\"article\" \/>\n<meta property=\"og:title\" content=\"Camping dans les Pyr\u00e9n\u00e9es\" \/>\n<meta property=\"og:description\" content=\"Voici la version fran\u00e7aise de notre site : un petit camping dans les Pyr\u00e9n\u00e9es. Ecocamping Rural Valle de La Fueva - Camper Area - Zona Zero\" \/>\n<meta property=\"og:url\" content=\"https:\/\/www.ecocampingrural.com\/index.php\/camping-dans-les-pyrenees\/\" \/>\n<meta property=\"og:site_name\" content=\"Ecocamping Rural\" \/>\n<meta property=\"article:publisher\" content=\"https:\/\/www.facebook.com\/campinglafueva\" \/>\n<meta property=\"article:modified_time\" content=\"2026-04-17T10:24:30+00:00\" \/>\n<meta property=\"og:image\" content=\"https:\/\/www.ecocampingrural.com\/wp-content\/uploads\/2022\/10\/DJI_0152-scaled.jpg\" \/>\n\t<meta property=\"og:image:width\" content=\"2560\" \/>\n\t<meta property=\"og:image:height\" content=\"1440\" \/>\n\t<meta property=\"og:image:type\" content=\"image\/jpeg\" \/>\n<meta name=\"twitter:card\" content=\"summary_large_image\" \/>\n<meta name=\"twitter:label1\" content=\"Tiempo de lectura\" \/>\n\t<meta name=\"twitter:data1\" content=\"2 minutos\" \/>\n<script type=\"application\/ld+json\" class=\"yoast-schema-graph\">{\"@context\":\"https:\/\/schema.org\",\"@graph\":[{\"@type\":\"WebPage\",\"@id\":\"https:\/\/www.ecocampingrural.com\/index.php\/camping-dans-les-pyrenees\/\",\"url\":\"https:\/\/www.ecocampingrural.com\/index.php\/camping-dans-les-pyrenees\/\",\"name\":\"Camping dans les Pyr\u00e9n\u00e9es - Ecocamping Rural\",\"isPartOf\":{\"@id\":\"https:\/\/www.ecocampingrural.com\/#website\"},\"primaryImageOfPage\":{\"@id\":\"https:\/\/www.ecocampingrural.com\/index.php\/camping-dans-les-pyrenees\/#primaryimage\"},\"image\":{\"@id\":\"https:\/\/www.ecocampingrural.com\/index.php\/camping-dans-les-pyrenees\/#primaryimage\"},\"thumbnailUrl\":\"https:\/\/www.ecocampingrural.com\/wp-content\/uploads\/2022\/10\/DJI_0152-scaled.jpg\",\"datePublished\":\"2022-10-28T18:32:27+00:00\",\"dateModified\":\"2026-04-17T10:24:30+00:00\",\"description\":\"Voici la version fran\u00e7aise de notre site : un petit camping dans les Pyr\u00e9n\u00e9es. Ecocamping Rural Valle de La Fueva - Camper Area - Zona Zero\",\"breadcrumb\":{\"@id\":\"https:\/\/www.ecocampingrural.com\/index.php\/camping-dans-les-pyrenees\/#breadcrumb\"},\"inLanguage\":\"es\",\"potentialAction\":[{\"@type\":\"ReadAction\",\"target\":[\"https:\/\/www.ecocampingrural.com\/index.php\/camping-dans-les-pyrenees\/\"]}]},{\"@type\":\"ImageObject\",\"inLanguage\":\"es\",\"@id\":\"https:\/\/www.ecocampingrural.com\/index.php\/camping-dans-les-pyrenees\/#primaryimage\",\"url\":\"https:\/\/www.ecocampingrural.com\/wp-content\/uploads\/2022\/10\/DJI_0152-scaled.jpg\",\"contentUrl\":\"https:\/\/www.ecocampingrural.com\/wp-content\/uploads\/2022\/10\/DJI_0152-scaled.jpg\",\"width\":2560,\"height\":1440,\"caption\":\"Pool and view\"},{\"@type\":\"BreadcrumbList\",\"@id\":\"https:\/\/www.ecocampingrural.com\/index.php\/camping-dans-les-pyrenees\/#breadcrumb\",\"itemListElement\":[{\"@type\":\"ListItem\",\"position\":1,\"name\":\"Portada\",\"item\":\"https:\/\/www.ecocampingrural.com\/\"},{\"@type\":\"ListItem\",\"position\":2,\"name\":\"Camping dans les Pyr\u00e9n\u00e9es\"}]},{\"@type\":\"WebSite\",\"@id\":\"https:\/\/www.ecocampingrural.com\/#website\",\"url\":\"https:\/\/www.ecocampingrural.com\/\",\"name\":\"Ecocamping Rural Valle de La Fueva\",\"description\":\"Valle de La Fueva\",\"publisher\":{\"@id\":\"https:\/\/www.ecocampingrural.com\/#organization\"},\"potentialAction\":[{\"@type\":\"SearchAction\",\"target\":{\"@type\":\"EntryPoint\",\"urlTemplate\":\"https:\/\/www.ecocampingrural.com\/?s={search_term_string}\"},\"query-input\":{\"@type\":\"PropertyValueSpecification\",\"valueRequired\":true,\"valueName\":\"search_term_string\"}}],\"inLanguage\":\"es\"},{\"@type\":\"Organization\",\"@id\":\"https:\/\/www.ecocampingrural.com\/#organization\",\"name\":\"ECOCAMPING RURAL SC\",\"url\":\"https:\/\/www.ecocampingrural.com\/\",\"logo\":{\"@type\":\"ImageObject\",\"inLanguage\":\"es\",\"@id\":\"https:\/\/www.ecocampingrural.com\/#\/schema\/logo\/image\/\",\"url\":\"https:\/\/www.ecocampingrural.com\/wp-content\/uploads\/2021\/02\/LOGODEFVERDE.png\",\"contentUrl\":\"https:\/\/www.ecocampingrural.com\/wp-content\/uploads\/2021\/02\/LOGODEFVERDE.png\",\"width\":865,\"height\":579,\"caption\":\"ECOCAMPING RURAL SC\"},\"image\":{\"@id\":\"https:\/\/www.ecocampingrural.com\/#\/schema\/logo\/image\/\"},\"sameAs\":[\"https:\/\/www.facebook.com\/campinglafueva\",\"https:\/\/www.instagram.com\/ecocampingrural\/\"]}]}<\/script>\n<!-- \/ Yoast SEO plugin. -->","yoast_head_json":{"title":"Camping dans les Pyr\u00e9n\u00e9es - Ecocamping Rural","description":"Voici la version fran\u00e7aise de notre site : un petit camping dans les Pyr\u00e9n\u00e9es. Ecocamping Rural Valle de La Fueva - Camper Area - Zona Zero","robots":{"index":"index","follow":"follow","max-snippet":"max-snippet:-1","max-image-preview":"max-image-preview:large","max-video-preview":"max-video-preview:-1"},"canonical":"https:\/\/www.ecocampingrural.com\/index.php\/camping-dans-les-pyrenees\/","og_locale":"es_ES","og_type":"article","og_title":"Camping dans les Pyr\u00e9n\u00e9es","og_description":"Voici la version fran\u00e7aise de notre site : un petit camping dans les Pyr\u00e9n\u00e9es. Ecocamping Rural Valle de La Fueva - Camper Area - Zona Zero","og_url":"https:\/\/www.ecocampingrural.com\/index.php\/camping-dans-les-pyrenees\/","og_site_name":"Ecocamping Rural","article_publisher":"https:\/\/www.facebook.com\/campinglafueva","article_modified_time":"2026-04-17T10:24:30+00:00","og_image":[{"width":2560,"height":1440,"url":"https:\/\/www.ecocampingrural.com\/wp-content\/uploads\/2022\/10\/DJI_0152-scaled.jpg","type":"image\/jpeg"}],"twitter_card":"summary_large_image","twitter_misc":{"Tiempo de lectura":"2 minutos"},"schema":{"@context":"https:\/\/schema.org","@graph":[{"@type":"WebPage","@id":"https:\/\/www.ecocampingrural.com\/index.php\/camping-dans-les-pyrenees\/","url":"https:\/\/www.ecocampingrural.com\/index.php\/camping-dans-les-pyrenees\/","name":"Camping dans les Pyr\u00e9n\u00e9es - Ecocamping Rural","isPartOf":{"@id":"https:\/\/www.ecocampingrural.com\/#website"},"primaryImageOfPage":{"@id":"https:\/\/www.ecocampingrural.com\/index.php\/camping-dans-les-pyrenees\/#primaryimage"},"image":{"@id":"https:\/\/www.ecocampingrural.com\/index.php\/camping-dans-les-pyrenees\/#primaryimage"},"thumbnailUrl":"https:\/\/www.ecocampingrural.com\/wp-content\/uploads\/2022\/10\/DJI_0152-scaled.jpg","datePublished":"2022-10-28T18:32:27+00:00","dateModified":"2026-04-17T10:24:30+00:00","description":"Voici la version fran\u00e7aise de notre site : un petit camping dans les Pyr\u00e9n\u00e9es. Ecocamping Rural Valle de La Fueva - Camper Area - Zona Zero","breadcrumb":{"@id":"https:\/\/www.ecocampingrural.com\/index.php\/camping-dans-les-pyrenees\/#breadcrumb"},"inLanguage":"es","potentialAction":[{"@type":"ReadAction","target":["https:\/\/www.ecocampingrural.com\/index.php\/camping-dans-les-pyrenees\/"]}]},{"@type":"ImageObject","inLanguage":"es","@id":"https:\/\/www.ecocampingrural.com\/index.php\/camping-dans-les-pyrenees\/#primaryimage","url":"https:\/\/www.ecocampingrural.com\/wp-content\/uploads\/2022\/10\/DJI_0152-scaled.jpg","contentUrl":"https:\/\/www.ecocampingrural.com\/wp-content\/uploads\/2022\/10\/DJI_0152-scaled.jpg","width":2560,"height":1440,"caption":"Pool and view"},{"@type":"BreadcrumbList","@id":"https:\/\/www.ecocampingrural.com\/index.php\/camping-dans-les-pyrenees\/#breadcrumb","itemListElement":[{"@type":"ListItem","position":1,"name":"Portada","item":"https:\/\/www.ecocampingrural.com\/"},{"@type":"ListItem","position":2,"name":"Camping dans les Pyr\u00e9n\u00e9es"}]},{"@type":"WebSite","@id":"https:\/\/www.ecocampingrural.com\/#website","url":"https:\/\/www.ecocampingrural.com\/","name":"Ecocamping Rural Valle de La Fueva","description":"Valle de La Fueva","publisher":{"@id":"https:\/\/www.ecocampingrural.com\/#organization"},"potentialAction":[{"@type":"SearchAction","target":{"@type":"EntryPoint","urlTemplate":"https:\/\/www.ecocampingrural.com\/?s={search_term_string}"},"query-input":{"@type":"PropertyValueSpecification","valueRequired":true,"valueName":"search_term_string"}}],"inLanguage":"es"},{"@type":"Organization","@id":"https:\/\/www.ecocampingrural.com\/#organization","name":"ECOCAMPING RURAL SC","url":"https:\/\/www.ecocampingrural.com\/","logo":{"@type":"ImageObject","inLanguage":"es","@id":"https:\/\/www.ecocampingrural.com\/#\/schema\/logo\/image\/","url":"https:\/\/www.ecocampingrural.com\/wp-content\/uploads\/2021\/02\/LOGODEFVERDE.png","contentUrl":"https:\/\/www.ecocampingrural.com\/wp-content\/uploads\/2021\/02\/LOGODEFVERDE.png","width":865,"height":579,"caption":"ECOCAMPING RURAL SC"},"image":{"@id":"https:\/\/www.ecocampingrural.com\/#\/schema\/logo\/image\/"},"sameAs":["https:\/\/www.facebook.com\/campinglafueva","https:\/\/www.instagram.com\/ecocampingrural\/"]}]}},"_links":{"self":[{"href":"https:\/\/www.ecocampingrural.com\/index.php\/wp-json\/wp\/v2\/pages\/1098","targetHints":{"allow":["GET"]}}],"collection":[{"href":"https:\/\/www.ecocampingrural.com\/index.php\/wp-json\/wp\/v2\/pages"}],"about":[{"href":"https:\/\/www.ecocampingrural.com\/index.php\/wp-json\/wp\/v2\/types\/page"}],"author":[{"embeddable":true,"href":"https:\/\/www.ecocampingrural.com\/index.php\/wp-json\/wp\/v2\/users\/1"}],"replies":[{"embeddable":true,"href":"https:\/\/www.ecocampingrural.com\/index.php\/wp-json\/wp\/v2\/comments?post=1098"}],"version-history":[{"count":11,"href":"https:\/\/www.ecocampingrural.com\/index.php\/wp-json\/wp\/v2\/pages\/1098\/revisions"}],"predecessor-version":[{"id":2461,"href":"https:\/\/www.ecocampingrural.com\/index.php\/wp-json\/wp\/v2\/pages\/1098\/revisions\/2461"}],"wp:featuredmedia":[{"embeddable":true,"href":"https:\/\/www.ecocampingrural.com\/index.php\/wp-json\/wp\/v2\/media\/1087"}],"wp:attachment":[{"href":"https:\/\/www.ecocampingrural.com\/index.php\/wp-json\/wp\/v2\/media?parent=1098"}],"curies":[{"name":"wp","href":"https:\/\/api.w.org\/{rel}","templated":true}]}}