{"id":1290,"date":"2023-05-17T15:32:09","date_gmt":"2023-05-17T15:32:09","guid":{"rendered":"https:\/\/www.ecocampingrural.com\/?page_id=1290"},"modified":"2026-04-25T12:20:40","modified_gmt":"2026-04-25T12:20:40","slug":"carta-ecocamping-rural-km0-vino-cerveza","status":"publish","type":"page","link":"https:\/\/www.ecocampingrural.com\/index.php\/carta-ecocamping-rural-km0-vino-cerveza\/","title":{"rendered":"Carta Ecocamping Rural"},"content":{"rendered":"\n<p class=\"has-text-align-center\"><strong>Carta Ecocamping Rural<\/strong> Valle de La Fueva<br>\u00a1Qu\u00e9 aproveche!<\/p>\n\n\n\n<div id=\"wp-block-themeisle-blocks-button-group-85f29a02\" class=\"wp-block-themeisle-blocks-button-group wp-block-buttons align-center-desktop\">\n<div id=\"wp-block-themeisle-blocks-button-04e946d0\" class=\"wp-block-themeisle-blocks-button wp-block-button is-style-secondary\"><a href=\"https:\/\/www.ecocampingrural.com\/index.php\/carta-menu-ecocamping-rural-dutch\/\" target=\"_blank\" rel=\"noopener noreferrer\" class=\"wp-block-button__link\"><span>DUTCH<\/span><\/a><\/div>\n\n\n\n<div id=\"wp-block-themeisle-blocks-button-a47e1898\" class=\"wp-block-themeisle-blocks-button wp-block-button is-style-secondary\"><a href=\"https:\/\/www.ecocampingrural.com\/index.php\/carta-ecocamping-rural-english-version\/\" target=\"_blank\" rel=\"noopener noreferrer\" class=\"wp-block-button__link\"><span>ENGLISH<\/span><\/a><\/div>\n\n\n\n<div id=\"wp-block-themeisle-blocks-button-196e147e\" class=\"wp-block-themeisle-blocks-button wp-block-button is-style-secondary\"><a href=\"https:\/\/www.ecocampingrural.com\/index.php\/carta-ecocamping-rural-km0-vino-cerveza\/\" target=\"_self\" rel=\"noopener noreferrer\" class=\"wp-block-button__link\"><span>ESPA\u00d1OL<\/span><\/a><\/div>\n<\/div>\n\n\n\n<section id=\"wp-block-themeisle-blocks-advanced-columns-0d54379d\" class=\"wp-block-themeisle-blocks-advanced-columns alignfull has-1-columns has-desktop-equal-layout has-tablet-equal-layout has-mobile-equal-layout has-vertical-flex-start\"><div class=\"wp-block-themeisle-blocks-advanced-columns-overlay\"><\/div><div class=\"innerblocks-wrap\">\n<div id=\"wp-block-themeisle-blocks-advanced-column-ba00a84a\" class=\"wp-block-themeisle-blocks-advanced-column\">\n<section id=\"wp-block-themeisle-blocks-advanced-columns-363eccc7\" class=\"wp-block-themeisle-blocks-advanced-columns has-2-columns has-desktop-equal-layout has-tablet-equal-layout has-mobile-collapsedRows-layout has-vertical-center\"><div class=\"wp-block-themeisle-blocks-advanced-columns-overlay\"><\/div><div class=\"innerblocks-wrap\">\n<div id=\"wp-block-themeisle-blocks-advanced-column-e32c15f5\" class=\"wp-block-themeisle-blocks-advanced-column\">\n<p><strong>PRODUCTOS KM 0<\/strong><\/p>\n\n\n\n<h2 class=\"wp-block-heading\">Tablas<\/h2>\n\n\n\n<p>El Pirineo es una tierra de Pat\u00e9s, Quesos y Embutidos, un ejemplo de ello son las exquisitas recetas tradicionales de los elaboradores que puedes encontrar en nuestra regi\u00f3n.<\/p>\n\n\n\n<ul class=\"wp-block-list\">\n<li>Pat\u00e9 de Jabal\u00ed de L&#8217;Ainsa . . . . . . . . . . . . . 10 \u20ac<\/li>\n\n\n\n<li>Tabla de Quesos del Pirineo . . . . . . . .   15 \u20ac<\/li>\n\n\n\n<li>Tabla de Jam\u00f3n. . . . . . . . . . . . . . . . . . . . .  10 \u20ac<br><em><sup>D.O. de Teruel<\/sup><\/em><\/li>\n\n\n\n<li>Raci\u00f3n de Longaniza de Graus frita   . 10 \u20ac<\/li>\n<\/ul>\n<\/div>\n\n\n\n<div id=\"wp-block-themeisle-blocks-advanced-column-6e1f4afe\" class=\"wp-block-themeisle-blocks-advanced-column\">\n<figure class=\"wp-block-image size-full\"><img decoding=\"async\" width=\"668\" height=\"400\" src=\"https:\/\/www.ecocampingrural.com\/wp-content\/uploads\/2022\/05\/pate-ainsa.jpg\" alt=\"Productos KM0\" class=\"wp-image-819\" srcset=\"https:\/\/www.ecocampingrural.com\/wp-content\/uploads\/2022\/05\/pate-ainsa.jpg 668w, https:\/\/www.ecocampingrural.com\/wp-content\/uploads\/2022\/05\/pate-ainsa-300x180.jpg 300w\" sizes=\"(max-width: 668px) 100vw, 668px\" \/><figcaption class=\"wp-element-caption\">Pat\u00e9s Km0<\/figcaption><\/figure>\n<\/div>\n<\/div><\/section>\n<\/div>\n<\/div><\/section>\n\n\n\n<section id=\"wp-block-themeisle-blocks-advanced-columns-e7931e5c\" class=\"wp-block-themeisle-blocks-advanced-columns alignfull has-2-columns has-desktop-equal-layout has-tablet-equal-layout has-mobile-collapsedRows-layout has-vertical-center has-light-bg\"><div class=\"wp-block-themeisle-blocks-advanced-columns-overlay\"><\/div><div class=\"innerblocks-wrap\">\n<div id=\"wp-block-themeisle-blocks-advanced-column-311d4b3f\" class=\"wp-block-themeisle-blocks-advanced-column\">\n<div id=\"wp-block-themeisle-blocks-advanced-heading-740905dd\" class=\"wp-block-themeisle-blocks-advanced-heading wp-block-themeisle-blocks-advanced-heading-740905dd\"><strong>\u00bfalgo r\u00e1pido?<\/strong><\/div>\n\n\n\n<h2 class=\"wp-block-heading has-text-align-left\">Pizzas<\/h2>\n\n\n\n<p class=\"has-text-align-left\">Deliciosas pizzas de aprox. 30 cm. preparadas al gusto, \u00a1Tambi\u00e9n para llevar!<\/p>\n\n\n\n<ul class=\"wp-block-list\">\n<li>Vegetariana . . . . . . . . . . . . . . . . . . . . . . . . . 13 \u20ac<\/li>\n\n\n\n<li>Oto\u00f1o (con setas) . . . . . . . . . . . . . . . . . . . 15 \u20ac<\/li>\n\n\n\n<li>Margarita . . . . . . . . . . . . . . . . . . . . . . . . . . .  12 \u20ac<\/li>\n\n\n\n<li>Lat\u00f3n de La Fueva (Jam\u00f3n)  . . . . . . . . . 13 \u20ac<\/li>\n\n\n\n<li>4 Quesos del Pirineo . . . . . . . . . . . . . . . . . 13 \u20ac<\/li>\n\n\n\n<li>Domus Fovana . . . . . . . . . . . . . . . . . . . . . . 15 \u20ac<br><em><sup>(con Pistacho, Jam\u00f3n Cocido y Aceite de Trufa)<\/sup><\/em><\/li>\n\n\n\n<li>Barbacoa . . . . . . . . . . . . . . . . . . . . . . . . . . . 13 \u20ac<\/li>\n\n\n\n<li>Barbacoa Tex-Mex . . . . . . . . . . . . . . . . . . 15 \u20ac<\/li>\n\n\n\n<li>Hawaiana . . . . . . . . . . . . . . . . . . . . . . . . . . . 13 \u20ac <\/li>\n\n\n\n<li>Queso Azul, nueces y miel . . . . . . . . . . . 15 \u20ac<\/li>\n\n\n\n<li>Carbonara . . . . . . . . . . . . . . . . . . . . . . . . . . 13 \u20ac<\/li>\n\n\n\n<li>RedHot Chilly Pizza . . . . . . . . . . . . . . . . . . 15 \u20ac<\/li>\n\n\n\n<li>Conserva <sub>(Longaniza y costilla de cerdo)<\/sub> . 15 \u20ac<\/li>\n<\/ul>\n<\/div>\n\n\n\n<div id=\"wp-block-themeisle-blocks-advanced-column-49224624\" class=\"wp-block-themeisle-blocks-advanced-column\">\n<figure class=\"wp-block-image size-large\"><img decoding=\"async\" width=\"1024\" height=\"768\" src=\"https:\/\/www.ecocampingrural.com\/wp-content\/uploads\/2022\/05\/pizza-camping-1024x768.jpg\" alt=\"Carta Ecocamping Rural\" class=\"wp-image-820\" srcset=\"https:\/\/www.ecocampingrural.com\/wp-content\/uploads\/2022\/05\/pizza-camping-1024x768.jpg 1024w, https:\/\/www.ecocampingrural.com\/wp-content\/uploads\/2022\/05\/pizza-camping-300x225.jpg 300w, https:\/\/www.ecocampingrural.com\/wp-content\/uploads\/2022\/05\/pizza-camping-768x576.jpg 768w, https:\/\/www.ecocampingrural.com\/wp-content\/uploads\/2022\/05\/pizza-camping.jpg 1200w\" sizes=\"(max-width: 1024px) 100vw, 1024px\" \/><\/figure>\n<\/div>\n<\/div><\/section>\n\n\n\n<section id=\"wp-block-themeisle-blocks-advanced-columns-d207bf0b\" class=\"wp-block-themeisle-blocks-advanced-columns alignfull has-1-columns has-desktop-equal-layout has-tablet-equal-layout has-mobile-equal-layout has-vertical-flex-start\"><div class=\"wp-block-themeisle-blocks-advanced-columns-overlay\"><\/div><div class=\"innerblocks-wrap\">\n<div id=\"wp-block-themeisle-blocks-advanced-column-49256045\" class=\"wp-block-themeisle-blocks-advanced-column\">\n<section id=\"wp-block-themeisle-blocks-advanced-columns-eb76cbfa\" class=\"wp-block-themeisle-blocks-advanced-columns has-2-columns has-desktop-equal-layout has-tablet-equal-layout has-mobile-collapsedRows-layout has-vertical-center\"><div class=\"wp-block-themeisle-blocks-advanced-columns-overlay\"><\/div><div class=\"innerblocks-wrap\">\n<div id=\"wp-block-themeisle-blocks-advanced-column-7b12c8e7\" class=\"wp-block-themeisle-blocks-advanced-column\">\n<div id=\"wp-block-themeisle-blocks-advanced-heading-fb917534\" class=\"wp-block-themeisle-blocks-advanced-heading wp-block-themeisle-blocks-advanced-heading-fb917534\"><strong>lo t\u00edpico<\/strong>&#8230;<\/div>\n\n\n\n<h2 class=\"wp-block-heading has-text-align-left\">Tapas y raciones<\/h2>\n\n\n\n<ul class=\"wp-block-list\">\n<li>Croquetas de Jam\u00f3n (6 Ud) . . . . . . 9 \u20ac<\/li>\n\n\n\n<li>Ensaladilla Rusa de At\u00fan . . . . . . . . . 4 \u20ac<\/li>\n\n\n\n<li>Vaso de Gazpacho . . . . . . . . . . . . . . . 2 \u20ac<\/li>\n\n\n\n<li>Nuestras Bravas . . . . . . . . . . . . . . . . . . 6 \u20ac<\/li>\n\n\n\n<li>Calamares a la andaluza . . . . . . . . 10 \u20ac<\/li>\n\n\n\n<li>Nuggets . . . . . . . . . . . . . . . . . . . . . . . . . .  5 \u20ac<\/li>\n\n\n\n<li>Tarrina de Provolone . . . . . . . . . . . . . 10 \u20ac<br><em><sup>con Tomate y sus verduras<\/sup><\/em><\/li>\n\n\n\n<li>Rollitos con verdura, curry y miel . 7.5 \u20ac<\/li>\n\n\n\n<li>Alitas de Pollo BBQ . . . . . . . . . . . . . . . . 7 \u20ac<br><em><sup>con Salsa Sweet Chilli<\/sup><\/em> <sup><em><strong>(Chile dulce)<\/strong><\/em><\/sup><\/li>\n\n\n\n<li>Langostinos en tempura . . . . . . . . . 10 \u20ac<br><em><sup>con Salsa BBQ o Mayonesa Japonesa<\/sup><\/em> <\/li>\n\n\n\n<li>Boquerones en tempura . . . . . . . . . . 6 \u20ac<\/li>\n\n\n\n<li>Fingers + Patatas Fritas. . . . . . . . . . . . 12 \u20ac<br><sup><em>con Mayonesa \u00c1rabe <\/em><\/sup><br><\/li>\n<\/ul>\n<\/div>\n\n\n\n<div id=\"wp-block-themeisle-blocks-advanced-column-47d4ff42\" class=\"wp-block-themeisle-blocks-advanced-column\">\n<figure class=\"wp-block-image size-full\"><img decoding=\"async\" width=\"1880\" height=\"1253\" src=\"https:\/\/www.ecocampingrural.com\/wp-content\/uploads\/2023\/05\/pexels-photo-14537698-1.jpeg\" alt=\"deep fried chicken tenders and fries with sauce\" class=\"wp-image-1333\" srcset=\"https:\/\/www.ecocampingrural.com\/wp-content\/uploads\/2023\/05\/pexels-photo-14537698-1.jpeg 1880w, https:\/\/www.ecocampingrural.com\/wp-content\/uploads\/2023\/05\/pexels-photo-14537698-1-300x200.jpeg 300w, https:\/\/www.ecocampingrural.com\/wp-content\/uploads\/2023\/05\/pexels-photo-14537698-1-1024x682.jpeg 1024w, https:\/\/www.ecocampingrural.com\/wp-content\/uploads\/2023\/05\/pexels-photo-14537698-1-768x512.jpeg 768w, https:\/\/www.ecocampingrural.com\/wp-content\/uploads\/2023\/05\/pexels-photo-14537698-1-1536x1024.jpeg 1536w, https:\/\/www.ecocampingrural.com\/wp-content\/uploads\/2023\/05\/pexels-photo-14537698-1-930x620.jpeg 930w\" sizes=\"(max-width: 1880px) 100vw, 1880px\" \/><figcaption class=\"wp-element-caption\">Fingers de Pollo, Patatas Fritas y Mayonesa \u00c1rabe . . . . 12 \u20ac<\/figcaption><\/figure>\n<\/div>\n<\/div><\/section>\n\n\n\n<section id=\"wp-block-themeisle-blocks-advanced-columns-8fe12f1d\" class=\"wp-block-themeisle-blocks-advanced-columns has-2-columns has-desktop-equal-layout has-tablet-equal-layout has-mobile-collapsedRows-layout has-vertical-center\"><div class=\"wp-block-themeisle-blocks-advanced-columns-overlay\"><\/div><div class=\"innerblocks-wrap\">\n<div id=\"wp-block-themeisle-blocks-advanced-column-635fbe8c\" class=\"wp-block-themeisle-blocks-advanced-column\">\n<figure class=\"wp-block-image size-large\"><img decoding=\"async\" width=\"850\" height=\"1024\" src=\"https:\/\/www.ecocampingrural.com\/wp-content\/uploads\/2022\/05\/fideua-ecocamping-850x1024.jpg\" alt=\"Fideua \" class=\"wp-image-821\" srcset=\"https:\/\/www.ecocampingrural.com\/wp-content\/uploads\/2022\/05\/fideua-ecocamping-850x1024.jpg 850w, https:\/\/www.ecocampingrural.com\/wp-content\/uploads\/2022\/05\/fideua-ecocamping-249x300.jpg 249w, https:\/\/www.ecocampingrural.com\/wp-content\/uploads\/2022\/05\/fideua-ecocamping-768x925.jpg 768w, https:\/\/www.ecocampingrural.com\/wp-content\/uploads\/2022\/05\/fideua-ecocamping-1275x1536.jpg 1275w, https:\/\/www.ecocampingrural.com\/wp-content\/uploads\/2022\/05\/fideua-ecocamping-1700x2048.jpg 1700w\" sizes=\"(max-width: 850px) 100vw, 850px\" \/><figcaption class=\"wp-element-caption\">Fideua Doble. <\/figcaption><\/figure>\n<\/div>\n\n\n\n<div id=\"wp-block-themeisle-blocks-advanced-column-8c2bc2b1\" class=\"wp-block-themeisle-blocks-advanced-column\">\n<div id=\"wp-block-themeisle-blocks-advanced-heading-340419d2\" class=\"wp-block-themeisle-blocks-advanced-heading wp-block-themeisle-blocks-advanced-heading-340419d2\"><strong>Tipical spanish<\/strong><\/div>\n\n\n\n<h2 class=\"wp-block-heading has-text-align-left\">Arroces<\/h2>\n\n\n\n<ul class=\"wp-block-list\">\n<li>Paella de Marisco (Paellera 22 cm.) . . . . . . . . . 20 \u20ac<\/li>\n\n\n\n<li>Arroz Negro \u00abMar y Monta\u00f1a\u00bb (Paellera 22 cm.) . . . . . . . . . . 24 \u20ac<\/li>\n\n\n\n<li>Botella de Sangr\u00eda <strong>Cabecita Loca\u00ae<\/strong> . . 16.50 \u20ac<\/li>\n<\/ul>\n<\/div>\n<\/div><\/section>\n<\/div>\n<\/div><\/section>\n\n\n\n<hr class=\"wp-block-separator has-css-opacity\"\/>\n\n\n\n<p class=\"has-text-align-center\">Todos los precios llevan el 10% de I.V.A. incluido<\/p>\n\n\n\n<p class=\"has-text-align-center\"><strong>Todos nuestros productos pueden contener trazas de gluten, lactosa u otros al\u00e9rgenos.<\/strong><br>&#8211; Preg\u00fantenos si tiene alguna necesidad alimentaria especial &#8211;<\/p>\n\n\n\n<section id=\"wp-block-themeisle-blocks-advanced-columns-2486197b\" class=\"wp-block-themeisle-blocks-advanced-columns alignfull has-1-columns has-desktop-equal-layout has-tablet-equal-layout has-mobile-equal-layout has-vertical-center has-dark-bg\"><div class=\"wp-block-themeisle-blocks-advanced-columns-overlay\"><\/div><div class=\"innerblocks-wrap\">\n<div id=\"wp-block-themeisle-blocks-advanced-column-fe550b0c\" class=\"wp-block-themeisle-blocks-advanced-column\">\n<div style=\"height:20px\" aria-hidden=\"true\" class=\"wp-block-spacer\"><\/div>\n\n\n\n<section id=\"wp-block-themeisle-blocks-advanced-columns-3184f42c\" class=\"wp-block-themeisle-blocks-advanced-columns has-2-columns has-desktop-equal-layout has-tablet-collapsedRows-layout has-mobile-collapsedRows-layout has-vertical-center\"><div class=\"wp-block-themeisle-blocks-advanced-columns-overlay\"><\/div><div class=\"innerblocks-wrap\">\n<div id=\"wp-block-themeisle-blocks-advanced-column-25f7ba07\" class=\"wp-block-themeisle-blocks-advanced-column\">\n<div id=\"wp-block-themeisle-blocks-advanced-heading-89dd93bc\" class=\"wp-block-themeisle-blocks-advanced-heading wp-block-themeisle-blocks-advanced-heading-89dd93bc\"><strong>Estamos en sobrarbe<\/strong><\/div>\n\n\n\n<h3 id=\"wp-block-themeisle-blocks-advanced-heading-df0c1140\" class=\"wp-block-themeisle-blocks-advanced-heading wp-block-themeisle-blocks-advanced-heading-df0c1140\">y aqu\u00ed se bebe Cerveza Rondadora<\/h3>\n<\/div>\n\n\n\n<div id=\"wp-block-themeisle-blocks-advanced-column-5d7d25f9\" class=\"wp-block-themeisle-blocks-advanced-column\">\n<div id=\"wp-block-themeisle-blocks-font-awesome-icons-2056db0e\" class=\"wp-block-themeisle-blocks-font-awesome-icons\"><span class=\"wp-block-themeisle-blocks-font-awesome-icons-container\"><i class=\"fas fa-beer\"><\/i><\/span><\/div>\n<\/div>\n<\/div><\/section>\n\n\n\n<section id=\"wp-block-themeisle-blocks-advanced-columns-65a32a72\" class=\"wp-block-themeisle-blocks-advanced-columns has-4-columns has-desktop-equal-layout has-tablet-equal-layout has-mobile-collapsedRows-layout has-vertical-center\"><div class=\"wp-block-themeisle-blocks-advanced-columns-overlay\"><\/div><div class=\"innerblocks-wrap\">\n<div id=\"wp-block-themeisle-blocks-advanced-column-be46ba15\" class=\"wp-block-themeisle-blocks-advanced-column\">\n<h3 class=\"wp-block-heading has-text-align-left has-white-color has-text-color\">RONDADORA<\/h3>\n\n\n\n<p class=\"has-text-align-left has-white-color has-text-color\">Cerveza blanca de trigo. <br>3,50 \u20ac<\/p>\n<\/div>\n\n\n\n<div id=\"wp-block-themeisle-blocks-advanced-column-18309828\" class=\"wp-block-themeisle-blocks-advanced-column\">\n<h3 class=\"wp-block-heading has-text-align-left has-white-color has-text-color\">IPA<\/h3>\n\n\n\n<p class=\"has-text-align-left has-white-color has-text-color\">Indian Pale Ale.<br>3,50 \u20ac<\/p>\n<\/div>\n\n\n\n<div id=\"wp-block-themeisle-blocks-advanced-column-7e97e24f\" class=\"wp-block-themeisle-blocks-advanced-column\">\n<h3 class=\"wp-block-heading has-text-align-left has-white-color has-text-color\">ONSO<\/h3>\n\n\n\n<p class=\"has-text-align-left has-white-color has-text-color\">Porter (negra)<br>3,50\u20ac<\/p>\n<\/div>\n\n\n\n<div id=\"wp-block-themeisle-blocks-advanced-column-371034a5\" class=\"wp-block-themeisle-blocks-advanced-column\">\n<h3 class=\"wp-block-heading has-text-align-left has-white-color has-text-color\">TRONZADORA<\/h3>\n\n\n\n<p class=\"has-text-align-left has-nv-site-bg-color has-text-color\">Cerveza Oficial <a href=\"https:\/\/zonazeropirineos.com\/\" target=\"_blank\" rel=\"noreferrer noopener\">Zona Zero<\/a>.<br>3,50 \u20ac<\/p>\n<\/div>\n<\/div><\/section>\n<\/div>\n<\/div><\/section>\n\n\n\n<section id=\"wp-block-themeisle-blocks-advanced-columns-0a508e8d\" class=\"wp-block-themeisle-blocks-advanced-columns alignfull has-1-columns has-desktop-equal-layout has-tablet-equal-layout has-mobile-equal-layout has-vertical-flex-start has-light-bg\"><div class=\"wp-block-themeisle-blocks-advanced-columns-overlay\"><\/div><div class=\"innerblocks-wrap\">\n<div id=\"wp-block-themeisle-blocks-advanced-column-c5ce68ad\" class=\"wp-block-themeisle-blocks-advanced-column\">\n<section id=\"wp-block-themeisle-blocks-advanced-columns-ba5ece66\" class=\"wp-block-themeisle-blocks-advanced-columns has-2-columns has-desktop-equal-layout has-tablet-equal-layout has-mobile-collapsedRows-layout has-vertical-flex-start\"><div class=\"wp-block-themeisle-blocks-advanced-columns-overlay\"><\/div><div class=\"innerblocks-wrap\">\n<div id=\"wp-block-themeisle-blocks-advanced-column-211f2643\" class=\"wp-block-themeisle-blocks-advanced-column\">\n<h2 class=\"wp-block-heading has-text-align-left\">Carta de Vinos<\/h2>\n\n\n\n<p>Somos unos <a href=\"https:\/\/www.ecocampingrural.com\/index.php\/wine-bar-para-vignerons\/\" target=\"_blank\" rel=\"noreferrer noopener\">enamorados del vino<\/a>, preg\u00fantanos y te recomendaremos, a copas o por botella. <\/p>\n<\/div>\n\n\n\n<div id=\"wp-block-themeisle-blocks-advanced-column-5a6085a7\" class=\"wp-block-themeisle-blocks-advanced-column\"><\/div>\n<\/div><\/section>\n\n\n\n<section id=\"wp-block-themeisle-blocks-advanced-columns-f65eb702\" class=\"wp-block-themeisle-blocks-advanced-columns has-2-columns has-desktop-equal-layout has-tablet-equal-layout has-mobile-collapsedRows-layout has-vertical-flex-start\"><div class=\"wp-block-themeisle-blocks-advanced-columns-overlay\"><\/div><div class=\"innerblocks-wrap\">\n<div id=\"wp-block-themeisle-blocks-advanced-column-8ff5169c\" class=\"wp-block-themeisle-blocks-advanced-column\">\n<h3 class=\"wp-block-heading has-text-align-left\">D.O. Somontano<\/h3>\n\n\n\n<p>VI\u00d1AS DEL VERO<br>La Miranda de Secastilla <strong>3 \u20ac<\/strong> |<strong> 17 \u20ac<\/strong><br><sup><em>Garnacha Tinta  <\/em>\u00f3<em> Garnacha Blanca<\/em><\/sup><br><br>ENATE<br>Gew\u00fcrztraminer <strong>3  \u20ac <\/strong>| <strong>17.50 \u20ac<\/strong><br><br>VINO DE LA CASA<br>Rosado <strong>2<\/strong> <strong> \u20ac<\/strong> |<strong> 12.50 \u20ac<\/strong><br>Blanco <strong>2 \u20ac<\/strong> | <strong>12.50 \u20ac<\/strong><br>Tinto <strong> 2 \u20ac<\/strong> | <strong>12.50 \u20ac<\/strong><br><br><\/p>\n<\/div>\n\n\n\n<div id=\"wp-block-themeisle-blocks-advanced-column-51f4f5b7\" class=\"wp-block-themeisle-blocks-advanced-column\">\n<h3 class=\"wp-block-heading has-text-align-left\">Vignerons de Huesca<\/h3>\n\n\n\n<p class=\"has-text-align-left\">Sers Parraleta <strong>3 \u20ac<\/strong> |<strong> 17 \u20ac<\/strong><br><em><sup>Tinto Variedad Aut\u00f3ctona<\/sup><\/em><br>Alodia Moristel (M.C.) <strong>3 \u20ac<\/strong> | <strong>15 \u20ac<\/strong><br><sup><em>Tinto Variedad Aut\u00f3ctona<\/em><\/sup><br>Diaples <strong>30 \u20ac<\/strong><br><em><sup>Variedades locales antiguas<\/sup><\/em><br><\/p>\n\n\n\n<p class=\"has-text-align-left\">Zinca d&#8217;anfora <strong>17.50 \u20ac<\/strong><br>Vino natural de m\u00ednima intervenci\u00f3n elaborado en \u00e1nforas de barro<\/p>\n\n\n\n<p><\/p>\n<\/div>\n<\/div><\/section>\n<\/div>\n<\/div><\/section>\n\n\n\n<section id=\"wp-block-themeisle-blocks-advanced-columns-dab9e0bf\" class=\"wp-block-themeisle-blocks-advanced-columns alignfull has-1-columns has-desktop-equal-layout has-tablet-equal-layout has-mobile-equal-layout has-vertical-flex-start has-light-bg\"><div class=\"wp-block-themeisle-blocks-advanced-columns-overlay\"><\/div><div class=\"innerblocks-wrap\">\n<div id=\"wp-block-themeisle-blocks-advanced-column-9df22226\" class=\"wp-block-themeisle-blocks-advanced-column\">\n<section id=\"wp-block-themeisle-blocks-advanced-columns-25c95699\" class=\"wp-block-themeisle-blocks-advanced-columns has-2-columns has-desktop-equal-layout has-tablet-equal-layout has-mobile-collapsedRows-layout has-vertical-flex-start\"><div class=\"wp-block-themeisle-blocks-advanced-columns-overlay\"><\/div><div class=\"innerblocks-wrap\">\n<div id=\"wp-block-themeisle-blocks-advanced-column-d4d9a4f8\" class=\"wp-block-themeisle-blocks-advanced-column\">\n<h2 class=\"wp-block-heading has-text-align-left\">Cabecita Loca<strong>\u00ae<\/strong><\/h2>\n\n\n\n<p>V\u00edctor Claver\u00eda, Artesano Alimentario de Arag\u00f3n&#8230; <\/p>\n<\/div>\n\n\n\n<div id=\"wp-block-themeisle-blocks-advanced-column-72980b22\" class=\"wp-block-themeisle-blocks-advanced-column\">\n<figure class=\"wp-block-image size-large\"><img decoding=\"async\" width=\"1024\" height=\"311\" src=\"https:\/\/www.ecocampingrural.com\/wp-content\/uploads\/2022\/05\/cabecita-loca-logo-negro-con-margen-1024x311.png\" alt=\"\" class=\"wp-image-828\" srcset=\"https:\/\/www.ecocampingrural.com\/wp-content\/uploads\/2022\/05\/cabecita-loca-logo-negro-con-margen-1024x311.png 1024w, https:\/\/www.ecocampingrural.com\/wp-content\/uploads\/2022\/05\/cabecita-loca-logo-negro-con-margen-300x91.png 300w, https:\/\/www.ecocampingrural.com\/wp-content\/uploads\/2022\/05\/cabecita-loca-logo-negro-con-margen-768x233.png 768w, https:\/\/www.ecocampingrural.com\/wp-content\/uploads\/2022\/05\/cabecita-loca-logo-negro-con-margen.png 1186w\" sizes=\"(max-width: 1024px) 100vw, 1024px\" \/><\/figure>\n<\/div>\n<\/div><\/section>\n\n\n\n<section id=\"wp-block-themeisle-blocks-advanced-columns-b56443a0\" class=\"wp-block-themeisle-blocks-advanced-columns has-3-columns has-desktop-equal-layout has-tablet-equal-layout has-mobile-collapsedRows-layout has-vertical-flex-start\"><div class=\"wp-block-themeisle-blocks-advanced-columns-overlay\"><\/div><div class=\"innerblocks-wrap\">\n<div id=\"wp-block-themeisle-blocks-advanced-column-1bb9ffb4\" class=\"wp-block-themeisle-blocks-advanced-column\">\n<h3 class=\"wp-block-heading has-text-align-left\">Vermouth Premium Rojo<\/h3>\n\n\n\n<p class=\"has-text-align-left\">3.50 \u20ac<\/p>\n<\/div>\n\n\n\n<div id=\"wp-block-themeisle-blocks-advanced-column-e0a218d6\" class=\"wp-block-themeisle-blocks-advanced-column\">\n<h3 class=\"wp-block-heading has-text-align-left\">Sangria<\/h3>\n\n\n\n<p class=\"has-text-align-left\">16.50 \u20ac\/ Botella 0.75<\/p>\n<\/div>\n\n\n\n<div id=\"wp-block-themeisle-blocks-advanced-column-a9f03ef4\" class=\"wp-block-themeisle-blocks-advanced-column\">\n<h3 class=\"wp-block-heading has-text-align-left\">Ginebra<\/h3>\n\n\n\n<p class=\"has-text-align-left\">5 \u20ac<\/p>\n<\/div>\n<\/div><\/section>\n<\/div>\n<\/div><\/section>\n\n\n\n<p class=\"has-text-align-center\"><strong>Carta Ecocamping Rural<\/strong> Valle de La Fueva<\/p>\n","protected":false},"excerpt":{"rendered":"<p>Carta Ecocamping Rural Valle de La Fueva\u00a1Qu\u00e9 aproveche! Todos los precios llevan el 10% de I.V.A. incluido Todos nuestros productos pueden contener trazas de gluten, lactosa u otros al\u00e9rgenos.&#8211; Preg\u00fantenos si tiene alguna necesidad alimentaria especial &#8211; Carta Ecocamping Rural Valle de La Fueva<\/p>\n","protected":false},"author":1,"featured_media":823,"parent":0,"menu_order":0,"comment_status":"closed","ping_status":"closed","template":"","meta":{"_uf_show_specific_survey":0,"_uf_disable_surveys":false,"neve_meta_sidebar":"","neve_meta_container":"","neve_meta_enable_content_width":"","neve_meta_content_width":0,"neve_meta_title_alignment":"","neve_meta_author_avatar":"","neve_post_elements_order":"","neve_meta_disable_header":"","neve_meta_disable_footer":"","neve_meta_disable_title":"on","_themeisle_gutenberg_block_has_review":false,"footnotes":""},"class_list":["post-1290","page","type-page","status-publish","has-post-thumbnail","hentry"],"yoast_head":"<!-- This site is optimized with the Yoast SEO plugin v25.6 - https:\/\/yoast.com\/wordpress\/plugins\/seo\/ -->\n<title>Carta Ecocamping Rural - Ecocamping Rural<\/title>\n<meta name=\"description\" content=\"Carta Ecocamping Rural: Pat\u00e9s y productos Km 0, Lat\u00f3n de La Fueva, Quesos del Pirineo, Pizzas, Paellas, Bocadillos... \u00bfQu\u00e9 te apetece hoy?\" \/>\n<meta name=\"robots\" content=\"index, follow, max-snippet:-1, max-image-preview:large, max-video-preview:-1\" \/>\n<link rel=\"canonical\" href=\"https:\/\/www.ecocampingrural.com\/index.php\/carta-ecocamping-rural-km0-vino-cerveza\/\" \/>\n<meta property=\"og:locale\" content=\"es_ES\" \/>\n<meta property=\"og:type\" content=\"article\" \/>\n<meta property=\"og:title\" content=\"Carta Ecocamping Rural - Ecocamping Rural\" \/>\n<meta property=\"og:description\" content=\"Carta Ecocamping Rural: Pat\u00e9s y productos Km 0, Lat\u00f3n de La Fueva, Quesos del Pirineo, Pizzas, Paellas, Bocadillos... \u00bfQu\u00e9 te apetece hoy?\" \/>\n<meta property=\"og:url\" content=\"https:\/\/www.ecocampingrural.com\/index.php\/carta-ecocamping-rural-km0-vino-cerveza\/\" \/>\n<meta property=\"og:site_name\" content=\"Ecocamping Rural\" \/>\n<meta property=\"article:publisher\" content=\"https:\/\/www.facebook.com\/campinglafueva\" \/>\n<meta property=\"article:modified_time\" content=\"2026-04-25T12:20:40+00:00\" \/>\n<meta property=\"og:image\" content=\"https:\/\/www.ecocampingrural.com\/wp-content\/uploads\/2022\/05\/bocata-camping-scaled.jpg\" \/>\n\t<meta property=\"og:image:width\" content=\"1920\" \/>\n\t<meta property=\"og:image:height\" content=\"2560\" \/>\n\t<meta property=\"og:image:type\" content=\"image\/jpeg\" \/>\n<meta name=\"twitter:card\" content=\"summary_large_image\" \/>\n<meta name=\"twitter:label1\" content=\"Tiempo de lectura\" \/>\n\t<meta name=\"twitter:data1\" content=\"5 minutos\" \/>\n<script type=\"application\/ld+json\" class=\"yoast-schema-graph\">{\"@context\":\"https:\/\/schema.org\",\"@graph\":[{\"@type\":\"WebPage\",\"@id\":\"https:\/\/www.ecocampingrural.com\/index.php\/carta-ecocamping-rural-km0-vino-cerveza\/\",\"url\":\"https:\/\/www.ecocampingrural.com\/index.php\/carta-ecocamping-rural-km0-vino-cerveza\/\",\"name\":\"Carta Ecocamping Rural - Ecocamping Rural\",\"isPartOf\":{\"@id\":\"https:\/\/www.ecocampingrural.com\/#website\"},\"primaryImageOfPage\":{\"@id\":\"https:\/\/www.ecocampingrural.com\/index.php\/carta-ecocamping-rural-km0-vino-cerveza\/#primaryimage\"},\"image\":{\"@id\":\"https:\/\/www.ecocampingrural.com\/index.php\/carta-ecocamping-rural-km0-vino-cerveza\/#primaryimage\"},\"thumbnailUrl\":\"https:\/\/www.ecocampingrural.com\/wp-content\/uploads\/2022\/05\/bocata-camping-scaled.jpg\",\"datePublished\":\"2023-05-17T15:32:09+00:00\",\"dateModified\":\"2026-04-25T12:20:40+00:00\",\"description\":\"Carta Ecocamping Rural: Pat\u00e9s y productos Km 0, Lat\u00f3n de La Fueva, Quesos del Pirineo, Pizzas, Paellas, Bocadillos... \u00bfQu\u00e9 te apetece hoy?\",\"breadcrumb\":{\"@id\":\"https:\/\/www.ecocampingrural.com\/index.php\/carta-ecocamping-rural-km0-vino-cerveza\/#breadcrumb\"},\"inLanguage\":\"es\",\"potentialAction\":[{\"@type\":\"ReadAction\",\"target\":[\"https:\/\/www.ecocampingrural.com\/index.php\/carta-ecocamping-rural-km0-vino-cerveza\/\"]}]},{\"@type\":\"ImageObject\",\"inLanguage\":\"es\",\"@id\":\"https:\/\/www.ecocampingrural.com\/index.php\/carta-ecocamping-rural-km0-vino-cerveza\/#primaryimage\",\"url\":\"https:\/\/www.ecocampingrural.com\/wp-content\/uploads\/2022\/05\/bocata-camping-scaled.jpg\",\"contentUrl\":\"https:\/\/www.ecocampingrural.com\/wp-content\/uploads\/2022\/05\/bocata-camping-scaled.jpg\",\"width\":1920,\"height\":2560},{\"@type\":\"BreadcrumbList\",\"@id\":\"https:\/\/www.ecocampingrural.com\/index.php\/carta-ecocamping-rural-km0-vino-cerveza\/#breadcrumb\",\"itemListElement\":[{\"@type\":\"ListItem\",\"position\":1,\"name\":\"Portada\",\"item\":\"https:\/\/www.ecocampingrural.com\/\"},{\"@type\":\"ListItem\",\"position\":2,\"name\":\"Carta Ecocamping Rural\"}]},{\"@type\":\"WebSite\",\"@id\":\"https:\/\/www.ecocampingrural.com\/#website\",\"url\":\"https:\/\/www.ecocampingrural.com\/\",\"name\":\"Ecocamping Rural Valle de La Fueva\",\"description\":\"Valle de La Fueva\",\"publisher\":{\"@id\":\"https:\/\/www.ecocampingrural.com\/#organization\"},\"potentialAction\":[{\"@type\":\"SearchAction\",\"target\":{\"@type\":\"EntryPoint\",\"urlTemplate\":\"https:\/\/www.ecocampingrural.com\/?s={search_term_string}\"},\"query-input\":{\"@type\":\"PropertyValueSpecification\",\"valueRequired\":true,\"valueName\":\"search_term_string\"}}],\"inLanguage\":\"es\"},{\"@type\":\"Organization\",\"@id\":\"https:\/\/www.ecocampingrural.com\/#organization\",\"name\":\"ECOCAMPING RURAL SC\",\"url\":\"https:\/\/www.ecocampingrural.com\/\",\"logo\":{\"@type\":\"ImageObject\",\"inLanguage\":\"es\",\"@id\":\"https:\/\/www.ecocampingrural.com\/#\/schema\/logo\/image\/\",\"url\":\"https:\/\/www.ecocampingrural.com\/wp-content\/uploads\/2021\/02\/LOGODEFVERDE.png\",\"contentUrl\":\"https:\/\/www.ecocampingrural.com\/wp-content\/uploads\/2021\/02\/LOGODEFVERDE.png\",\"width\":865,\"height\":579,\"caption\":\"ECOCAMPING RURAL SC\"},\"image\":{\"@id\":\"https:\/\/www.ecocampingrural.com\/#\/schema\/logo\/image\/\"},\"sameAs\":[\"https:\/\/www.facebook.com\/campinglafueva\",\"https:\/\/www.instagram.com\/ecocampingrural\/\"]}]}<\/script>\n<!-- \/ Yoast SEO plugin. -->","yoast_head_json":{"title":"Carta Ecocamping Rural - Ecocamping Rural","description":"Carta Ecocamping Rural: Pat\u00e9s y productos Km 0, Lat\u00f3n de La Fueva, Quesos del Pirineo, Pizzas, Paellas, Bocadillos... \u00bfQu\u00e9 te apetece hoy?","robots":{"index":"index","follow":"follow","max-snippet":"max-snippet:-1","max-image-preview":"max-image-preview:large","max-video-preview":"max-video-preview:-1"},"canonical":"https:\/\/www.ecocampingrural.com\/index.php\/carta-ecocamping-rural-km0-vino-cerveza\/","og_locale":"es_ES","og_type":"article","og_title":"Carta Ecocamping Rural - Ecocamping Rural","og_description":"Carta Ecocamping Rural: Pat\u00e9s y productos Km 0, Lat\u00f3n de La Fueva, Quesos del Pirineo, Pizzas, Paellas, Bocadillos... \u00bfQu\u00e9 te apetece hoy?","og_url":"https:\/\/www.ecocampingrural.com\/index.php\/carta-ecocamping-rural-km0-vino-cerveza\/","og_site_name":"Ecocamping Rural","article_publisher":"https:\/\/www.facebook.com\/campinglafueva","article_modified_time":"2026-04-25T12:20:40+00:00","og_image":[{"width":1920,"height":2560,"url":"https:\/\/www.ecocampingrural.com\/wp-content\/uploads\/2022\/05\/bocata-camping-scaled.jpg","type":"image\/jpeg"}],"twitter_card":"summary_large_image","twitter_misc":{"Tiempo de lectura":"5 minutos"},"schema":{"@context":"https:\/\/schema.org","@graph":[{"@type":"WebPage","@id":"https:\/\/www.ecocampingrural.com\/index.php\/carta-ecocamping-rural-km0-vino-cerveza\/","url":"https:\/\/www.ecocampingrural.com\/index.php\/carta-ecocamping-rural-km0-vino-cerveza\/","name":"Carta Ecocamping Rural - Ecocamping Rural","isPartOf":{"@id":"https:\/\/www.ecocampingrural.com\/#website"},"primaryImageOfPage":{"@id":"https:\/\/www.ecocampingrural.com\/index.php\/carta-ecocamping-rural-km0-vino-cerveza\/#primaryimage"},"image":{"@id":"https:\/\/www.ecocampingrural.com\/index.php\/carta-ecocamping-rural-km0-vino-cerveza\/#primaryimage"},"thumbnailUrl":"https:\/\/www.ecocampingrural.com\/wp-content\/uploads\/2022\/05\/bocata-camping-scaled.jpg","datePublished":"2023-05-17T15:32:09+00:00","dateModified":"2026-04-25T12:20:40+00:00","description":"Carta Ecocamping Rural: Pat\u00e9s y productos Km 0, Lat\u00f3n de La Fueva, Quesos del Pirineo, Pizzas, Paellas, Bocadillos... \u00bfQu\u00e9 te apetece hoy?","breadcrumb":{"@id":"https:\/\/www.ecocampingrural.com\/index.php\/carta-ecocamping-rural-km0-vino-cerveza\/#breadcrumb"},"inLanguage":"es","potentialAction":[{"@type":"ReadAction","target":["https:\/\/www.ecocampingrural.com\/index.php\/carta-ecocamping-rural-km0-vino-cerveza\/"]}]},{"@type":"ImageObject","inLanguage":"es","@id":"https:\/\/www.ecocampingrural.com\/index.php\/carta-ecocamping-rural-km0-vino-cerveza\/#primaryimage","url":"https:\/\/www.ecocampingrural.com\/wp-content\/uploads\/2022\/05\/bocata-camping-scaled.jpg","contentUrl":"https:\/\/www.ecocampingrural.com\/wp-content\/uploads\/2022\/05\/bocata-camping-scaled.jpg","width":1920,"height":2560},{"@type":"BreadcrumbList","@id":"https:\/\/www.ecocampingrural.com\/index.php\/carta-ecocamping-rural-km0-vino-cerveza\/#breadcrumb","itemListElement":[{"@type":"ListItem","position":1,"name":"Portada","item":"https:\/\/www.ecocampingrural.com\/"},{"@type":"ListItem","position":2,"name":"Carta Ecocamping Rural"}]},{"@type":"WebSite","@id":"https:\/\/www.ecocampingrural.com\/#website","url":"https:\/\/www.ecocampingrural.com\/","name":"Ecocamping Rural Valle de La Fueva","description":"Valle de La Fueva","publisher":{"@id":"https:\/\/www.ecocampingrural.com\/#organization"},"potentialAction":[{"@type":"SearchAction","target":{"@type":"EntryPoint","urlTemplate":"https:\/\/www.ecocampingrural.com\/?s={search_term_string}"},"query-input":{"@type":"PropertyValueSpecification","valueRequired":true,"valueName":"search_term_string"}}],"inLanguage":"es"},{"@type":"Organization","@id":"https:\/\/www.ecocampingrural.com\/#organization","name":"ECOCAMPING RURAL SC","url":"https:\/\/www.ecocampingrural.com\/","logo":{"@type":"ImageObject","inLanguage":"es","@id":"https:\/\/www.ecocampingrural.com\/#\/schema\/logo\/image\/","url":"https:\/\/www.ecocampingrural.com\/wp-content\/uploads\/2021\/02\/LOGODEFVERDE.png","contentUrl":"https:\/\/www.ecocampingrural.com\/wp-content\/uploads\/2021\/02\/LOGODEFVERDE.png","width":865,"height":579,"caption":"ECOCAMPING RURAL SC"},"image":{"@id":"https:\/\/www.ecocampingrural.com\/#\/schema\/logo\/image\/"},"sameAs":["https:\/\/www.facebook.com\/campinglafueva","https:\/\/www.instagram.com\/ecocampingrural\/"]}]}},"_links":{"self":[{"href":"https:\/\/www.ecocampingrural.com\/index.php\/wp-json\/wp\/v2\/pages\/1290","targetHints":{"allow":["GET"]}}],"collection":[{"href":"https:\/\/www.ecocampingrural.com\/index.php\/wp-json\/wp\/v2\/pages"}],"about":[{"href":"https:\/\/www.ecocampingrural.com\/index.php\/wp-json\/wp\/v2\/types\/page"}],"author":[{"embeddable":true,"href":"https:\/\/www.ecocampingrural.com\/index.php\/wp-json\/wp\/v2\/users\/1"}],"replies":[{"embeddable":true,"href":"https:\/\/www.ecocampingrural.com\/index.php\/wp-json\/wp\/v2\/comments?post=1290"}],"version-history":[{"count":7,"href":"https:\/\/www.ecocampingrural.com\/index.php\/wp-json\/wp\/v2\/pages\/1290\/revisions"}],"predecessor-version":[{"id":2473,"href":"https:\/\/www.ecocampingrural.com\/index.php\/wp-json\/wp\/v2\/pages\/1290\/revisions\/2473"}],"wp:featuredmedia":[{"embeddable":true,"href":"https:\/\/www.ecocampingrural.com\/index.php\/wp-json\/wp\/v2\/media\/823"}],"wp:attachment":[{"href":"https:\/\/www.ecocampingrural.com\/index.php\/wp-json\/wp\/v2\/media?parent=1290"}],"curies":[{"name":"wp","href":"https:\/\/api.w.org\/{rel}","templated":true}]}}